{"id":2562,"date":"2015-04-13T11:36:53","date_gmt":"2015-04-13T09:36:53","guid":{"rendered":"http:\/\/www.amtusedom.de\/?page_id=2562"},"modified":"2020-08-28T10:31:32","modified_gmt":"2020-08-28T08:31:32","slug":"oeffentliche-bekanntmachungen-amt-usedom-sued-archiv","status":"publish","type":"page","link":"https:\/\/www.amtusedom.de\/?page_id=2562","title":{"rendered":"\u00d6ffentliche Bekanntmachungen &#8211; Amt Usedom-S\u00fcd &#8211; Archiv"},"content":{"rendered":"\n<table id=\"tablepress-23\" class=\"tablepress tablepress-id-23\">\n<tbody class=\"row-striping\">\n<tr class=\"row-1\">\n\t<td class=\"column-1\">20.12.2010<\/td><td class=\"column-2\"><a target=\"_blank\" href=\"ortsrecht\/bm_amt\/bekanntmachung-20101220-amt.pdf\" rel=\"noopener noreferrer\">Bekanntmachung Haushaltssatzung des Amtes \u201eUsedom-S\u00fcd\u201c f\u00fcr das Haushaltsjahr 2011<\/a><\/td>\n<\/tr>\n<tr class=\"row-2\">\n\t<td class=\"column-1\">22.03.2011<\/td><td class=\"column-2\"><a target=\"_blank\" href=\"ortsrecht\/bm_amt\/bekanntmachung-20110322-amt.pdf\" rel=\"noopener noreferrer\">Bekanntmachung des Amtes Usedom S\u00fcd - Festsetzung des Naturparks \u201eFlusslandschaft Peenetal&quot; \u00d6ffentlicheAuslegung des Verordnungsentwurfs<\/a><\/td>\n<\/tr>\n<tr class=\"row-3\">\n\t<td class=\"column-1\">19.04.2011<\/td><td class=\"column-2\"><a target=\"_blank\" href=\"ortsrecht\/bm_amt\/bekanntmachung-20110419-amt.pdf\" rel=\"noopener noreferrer\">Bekanntmachung Jahresrechnung des Amtes Usedom-S\u00fcd f\u00fcr das Haushaltsjahr 2010<\/a><\/td>\n<\/tr>\n<tr class=\"row-4\">\n\t<td class=\"column-1\">26.09.2011<\/td><td class=\"column-2\"><a href=\"?page_id=1166\">Bekanntmachungen zu den Ergebnissen der Wahlen am 04.09.2011<\/a><\/td>\n<\/tr>\n<tr class=\"row-5\">\n\t<td class=\"column-1\">26.09.2011<\/td><td class=\"column-2\"><a target=\"_blank\" href=\"aktuelles\/ErgebnisStichwahlLandrat2011.pdf\" rel=\"noopener noreferrer\">Ergebnis der Stichwahl Landrat vom 18.09.2011<\/a><\/td>\n<\/tr>\n<tr class=\"row-6\">\n\t<td class=\"column-1\">20.04.2012<\/td><td class=\"column-2\"><a target=\"_blank\" href=\"ortsrecht\/bm_amt\/bekanntmachung-20120420-amt.pdf\" rel=\"noopener noreferrer\">Bekanntmachung Haushaltssatzung des Amtes \u201eUsedom-S\u00fcd\u201c f\u00fcr das Haushaltsjahr 2012<\/a><\/td>\n<\/tr>\n<tr class=\"row-7\">\n\t<td class=\"column-1\">15.10.2012<\/td><td class=\"column-2\"><a target=\"_blank\" href=\"ortsrecht\/bm_amt\/bekanntmachung-20121015-amt.pdf\" rel=\"noopener noreferrer\">Sch\u00f6ffenwahl 2013<\/a><\/td>\n<\/tr>\n<tr class=\"row-8\">\n\t<td class=\"column-1\">07.03.2013<\/td><td class=\"column-2\"><a target=\"_blank\" href=\"ortsrecht\/bm_amt\/bekanntmachung-20130307-amt.pdf\" rel=\"noopener noreferrer\">Bekanntmachung gem\u00e4\u00df \u00a7 47 d BImSchG i.V.m. der EG-Umgebungsl\u00e4rmrichtlinie 2002\/49\/EG<\/a><\/td>\n<\/tr>\n<tr class=\"row-9\">\n\t<td class=\"column-1\">15.03.2013<\/td><td class=\"column-2\"><a target=\"_blank\" href=\"ortsrecht\/bm_amt\/bekanntmachung-20130315-amt.pdf\" rel=\"noopener noreferrer\">Bekanntmachung Haushaltssatzung des Amtes \u201eUsedom-S\u00fcd\u201c f\u00fcr das Haushaltsjahr 2013<br \/>\n<\/a><\/td>\n<\/tr>\n<tr class=\"row-10\">\n\t<td class=\"column-1\">12.04.2013<\/td><td class=\"column-2\"><a target=\"_blank\" href=\"ortsrecht\/bm_amt\/bekanntmachung-20130412-amt.pdf\" rel=\"noopener noreferrer\">\u00d6ffentliche Zustellung gem\u00e4\u00df \u00a7 108 Verwaltungsverfahrens- und Zustellungsgesetz Mecklenburg-Vorpommern<br \/>\n<\/a><\/td>\n<\/tr>\n<tr class=\"row-11\">\n\t<td class=\"column-1\">14.06.2013<\/td><td class=\"column-2\"><a href=\"ortsrecht\/bm_amt\/bekanntmachung-20130614-amt.pdf\" target=\"_blank\" rel=\"noopener noreferrer\">Bekanntmachung des Landkreises Vorpommern-Greifswald als PlanfeststeMungsbeh\u00f6rde nach \u00a7 74 Abs. 4 des Landesverwaltungsverfahrensgesetzes (VwVfG M-V) in der Fassung der Bekanntmachung vom 26. Februar 2004 (GVOB1. M-V S. 106) f\u00fcr das Vorhaben \"Swinemoor\"<\/a><\/td>\n<\/tr>\n<tr class=\"row-12\">\n\t<td class=\"column-1\">23.09.2013<\/td><td class=\"column-2\"><a href=\"aktuelles\/ErgebsnisseAmtUsedomSued.pdf\" target=\"_blank\" rel=\"noopener noreferrer\">Bundestagswahlen - Vorl\u00e4ufiges Endergebnis Amt Usedom S\u00fcd<\/a><\/td>\n<\/tr>\n<tr class=\"row-13\">\n\t<td class=\"column-1\">28.10.2013<\/td><td class=\"column-2\"><a href=\"ortsrecht\/bm_amt\/bekanntmachung-20131028-amt.pdf\" target=\"_blank\" rel=\"noopener noreferrer\">Amtliche Bekanntmachung zum \u00dcbergang eines Sitzes in der Gemeindevertretung Koserow<\/a><\/td>\n<\/tr>\n<tr class=\"row-14\">\n\t<td class=\"column-1\">02.01.2014<\/td><td class=\"column-2\"><a target=\"_blank\" href=\"ortsrecht\/bm_amt\/bekanntmachung-20140102-amt.pdf\" rel=\"noopener noreferrer\">Bekanntmachung des Amtes Usedom-S\u00fcd \u00fcber die Erg\u00e4nzung\/ \u00c4nderung des \u00f6ffentlich-rechtlichen Vertrages zur Bildung einer Verwaltungsgemeinschaft nach \u00a7 167 KV M-V zur Inanspruchnahme eines Rechnungspr\u00fcfungsamtes f\u00fcr die \u00f6rtliche Rechnungspr\u00fcfung und die Genehmigung vom 20.12.2013<\/a><\/td>\n<\/tr>\n<tr class=\"row-15\">\n\t<td class=\"column-1\">13.02.2014<\/td><td class=\"column-2\"><a href=\"ortsrecht\/bm_amt\/Wahlbekanntmachung-Wahlausschuss.pdf\">Wahlbekanntmachung Wahlausschuss Amt Usedom-S\u00fcd<\/a><\/td>\n<\/tr>\n<tr class=\"row-16\">\n\t<td class=\"column-1\">03.04.2014<\/td><td class=\"column-2\"><a href=\"ortsrecht\/bm_amt\/bekanntmachung-20140403-amt.pdf\">Deich- und Grabenschau 2014 - Termin\u00e4nderung<\/a><\/td>\n<\/tr>\n<tr class=\"row-17\">\n\t<td class=\"column-1\">11.04.2014<\/td><td class=\"column-2\"><a href=\"?page_id=1967\">Bekanntmachungen zu den Kommunalwahlen am 25.05.2014<\/a><\/td>\n<\/tr>\n<tr class=\"row-18\">\n\t<td class=\"column-1\">05.05.2014<\/td><td class=\"column-2\"><a target=\"_blank\" href=\"ortsrecht\/bm_amt\/bekanntmachung-20140505-amt.pdf\" rel=\"noopener noreferrer\">Haushaltssatzung des Amtes \u201eUsedom-S\u00fcd\u201c f\u00fcr das Haushaltsjahr 2014<\/a><\/td>\n<\/tr>\n<tr class=\"row-19\">\n\t<td class=\"column-1\">11.08.2014<\/td><td class=\"column-2\"><a target=\"_blank\" href=\"ortsrecht\/bm_amt\/bekanntmachung-20140811-amt.pdf\" rel=\"noopener noreferrer\">Bekanntmachungen Spendenliste<\/a><\/td>\n<\/tr>\n<tr class=\"row-20\">\n\t<td class=\"column-1\">10.11.2014<\/td><td class=\"column-2\"><a href=\"ortsrecht\/bm_amt\/bekanntmachung-20141110-amt.pdf\">Bekanntmachung - Tierseuchenrechtliche Allgemeinverf\u00fcgung<\/a><\/td>\n<\/tr>\n<tr class=\"row-21\">\n\t<td class=\"column-1\">27.11.2014<\/td><td class=\"column-2\"><a href=\"ortsrecht\/bm_amt\/bekanntmachung-20141127-1-amt.pdf\">Bekanntmachung Jahresrechnung des Amtes Usedom-S\u00fcd f\u00fcr das Haushaltsjahr 2011<\/a><\/td>\n<\/tr>\n<tr class=\"row-22\">\n\t<td class=\"column-1\">27.11.2014<\/td><td class=\"column-2\"><a href=\"ortsrecht\/bm_amt\/bekanntmachung-20141127-2-amt.pdf\">Bekanntmachung des Amtes Usedom-S\u00fcd \u00fcber die Er\u00f6ffnungsbilanz des Amtes Usedom S\u00fcd zum 01.01.2012<\/a><\/td>\n<\/tr>\n<tr class=\"row-23\">\n\t<td class=\"column-1\">15.12.2014<\/td><td class=\"column-2\"><a href=\"ortsrecht\/bm_amt\/bekanntmachung-20141215-amt.pdf\">Haushaltssatzung des Amtes \u201eUsedom-S\u00fcd\u201c f\u00fcr das Haushaltsjahr 2015<\/a><\/td>\n<\/tr>\n<tr class=\"row-24\">\n\t<td class=\"column-1\">19.01.2015<\/td><td class=\"column-2\"><a href=\"ortsrecht\/bm_amt\/bekanntmachung-20150119-amt.pdf\">\u00d6ffentliche Zustellung gem\u00e4\u00df \u00a7 108 Verwaltungsverfahrens- und Zustellungsgesetz Mecklenburg-Vorpommern<\/a><\/td>\n<\/tr>\n<tr class=\"row-25\">\n\t<td class=\"column-1\">23.01.2015<\/td><td class=\"column-2\"><a href=\"ortsrecht\/bm_amt\/bekanntmachung-20150123-amt.pdf\">Tierseuchenverf\u00fcgung f\u00fcr das Beobachtungsgebiet (Tierseuchenbeh\u00f6rdliche Allgemeinverf\u00fcgung)<\/a><\/td>\n<\/tr>\n<tr class=\"row-26\">\n\t<td class=\"column-1\">23.03.2015<\/td><td class=\"column-2\"><a href=\"ortsrecht\/bm_amt\/bekanntmachung-20150323-amt.pdf\">Bekanntmachung \u00fcber die Durchf\u00fchrung von bodenkundlichen Kartierungsarbeiten<\/a><\/td>\n<\/tr>\n<tr class=\"row-27\">\n\t<td class=\"column-1\">23.03.2015<\/td><td class=\"column-2\"><a href=\"ortsrecht\/bm_amt\/bekanntmachung-20150323-2-amt.pdf\">Bekanntmachung Deich- und Grabenschau 2015<\/a><\/td>\n<\/tr>\n<tr class=\"row-28\">\n\t<td class=\"column-1\">16.06.2015<\/td><td class=\"column-2\"><a href=\"ortsrecht\/bm_amt\/bekanntmachung-20150616-amt.pdf\" target=\"_blank\" rel=\"noopener noreferrer\">BEKANNTMACHUNG PFLEGEARBEITEN AN GEW\u00c4SSERN UND DEICHANLAGEN<\/a><\/td>\n<\/tr>\n<tr class=\"row-29\">\n\t<td class=\"column-1\">26.01.2016<\/td><td class=\"column-2\"><a href=\"ortsrecht\/bm_amt\/bekanntmachung-20160126-amt.pdf\" target=\"_blank\" rel=\"noopener noreferrer\">Bekanntmachung der Feststellung der Jahresrechnung 2012 und der Entlastung des Amtsvorstehers<\/a><\/td>\n<\/tr>\n<tr class=\"row-30\">\n\t<td class=\"column-1\">11.02.2016<\/td><td class=\"column-2\"><a href=\"ortsrecht\/bm_amt\/bekanntmachung-20160211-amt.pdf\" target=\"_blank\" rel=\"noopener noreferrer\">Bekanntmachung der Haushaltssatzung des Amtes \u201eUsedom-S\u00fcd\" f\u00fcr das Haushaltsjahr 2016<\/a><\/td>\n<\/tr>\n<tr class=\"row-31\">\n\t<td class=\"column-1\">21.03.2016<\/td><td class=\"column-2\"><a href=\"ortsrecht\/bm_amt\/bekanntmachung-20160321-amt.pdf\" target=\"_blank\" rel=\"noopener noreferrer\">Bekanntmachung gem\u00e4\u00df Bundesfernstra\u00dfengesetz \u00a7 16a<\/a><\/td>\n<\/tr>\n<tr class=\"row-32\">\n\t<td class=\"column-1\">18.05.2016<\/td><td class=\"column-2\"><a target=\"_blank\" href=\"ortsrecht\/bm_ueckeritz\/bekanntmachung-20160518-ueckeritz.pdf\" rel=\"noopener noreferrer\">Bekanntmachung des Amtes Usedom S\u00fcd zum Sportboothafen Seebad \u00dcckeritz<\/a><\/td>\n<\/tr>\n<tr class=\"row-33\">\n\t<td class=\"column-1\">23.05.2016<\/td><td class=\"column-2\"><a target=\"_blank\" href=\"ortsrecht\/bm_ueckeritz\/bekanntmachung-20160523-ueckeritz.pdf\" rel=\"noopener noreferrer\">Bekanntmachung des Geltungsbereiches des Sportboothafens der Gemeinde \u00dcckeritz<\/a><\/td>\n<\/tr>\n<tr class=\"row-34\">\n\t<td class=\"column-1\">07.11.2016<\/td><td class=\"column-2\"><a href=\"ortsrecht\/bm_amt\/fundsachen-11-16.pdf\" target=\"_blank\" rel=\"noopener noreferrer\">Bekanntmachung der Fundsachen 07.11.2016<\/a><\/td>\n<\/tr>\n<tr class=\"row-35\">\n\t<td class=\"column-1\">05.12.2016<\/td><td class=\"column-2\"><a href=\"ortsrecht\/bm_amt\/fundsachen-12-16.pdf\" target=\"_blank\" rel=\"noopener noreferrer\">Bekanntmachung der Fundsachen 05.12.2016<\/a><\/td>\n<\/tr>\n<tr class=\"row-36\">\n\t<td class=\"column-1\">13.12.2016<\/td><td class=\"column-2\"><a href=\"ortsrecht\/bm_amt\/bekanntmachung-20161213-amt.pdf\" target=\"_blank\" rel=\"noopener noreferrer\">Bekanntmachung Haushaltssatzung des Amtes \u201eUsedom-S\u00fcd\u201c f\u00fcr das Haushaltsjahr 2017<br \/>\n<\/a><\/td>\n<\/tr>\n<tr class=\"row-37\">\n\t<td class=\"column-1\">13.10.2017<\/td><td class=\"column-2\"><a href=\"aktuelles\/bekanntmachung-bundesfernstassengesetz.pdf\" target=\"_blank\" rel=\"noopener noreferrer\">Bekanntmachung gem. Bundesfernstra\u00dfengesetz \u00a7 16a Vorarbeiten<\/a><\/td>\n<\/tr>\n<tr class=\"row-38\">\n\t<td class=\"column-1\">18.01.2018<\/td><td class=\"column-2\"><a href=\"ortsrecht\/bm_amt\/bekanntmachung-20180118-amt.pdf\" target=\"_blank\" rel=\"noopener noreferrer\">Haushaltssatzung des Amtes \u201eUsedom-S\u00fcd\u201c f\u00fcr das Haushaltsjahr 2018<\/a><\/td>\n<\/tr>\n<tr class=\"row-39\">\n\t<td class=\"column-1\">18.01.2018<\/td><td class=\"column-2\"><a href=\"ortsrecht\/bm_amt\/bekanntmachung-20180118-1-amt.pdf\" target=\"_blank\" rel=\"noopener noreferrer\">Bekanntmachung der Feststellung der Jahresrechnung 2013 und der Entlastung des Amtsvorstehers<\/a><\/td>\n<\/tr>\n<tr class=\"row-40\">\n\t<td class=\"column-1\">18.01.2018<\/td><td class=\"column-2\"><a href=\"ortsrecht\/bm_amt\/bekanntmachung-20180118-2-amt.pdf\" target=\"_blank\" rel=\"noopener noreferrer\">Bekanntmachung der Feststellung der Jahresrechnung 2014 und der Entlastung des Amtsvorstehers<\/a><\/td>\n<\/tr>\n<tr class=\"row-41\">\n\t<td class=\"column-1\">18.01.2018<\/td><td class=\"column-2\"><a href=\"ortsrecht\/bm_amt\/bekanntmachung-20180118-3-amt.pdf\" target=\"_blank\" rel=\"noopener noreferrer\">Bekanntmachung der Feststellung der Jahresrechnung 2015 und der Entlastung des Amtsvorstehers<\/a><\/td>\n<\/tr>\n<tr class=\"row-42\">\n\t<td class=\"column-1\">26.02.2018<\/td><td class=\"column-2\"><a href=\"ortsrecht\/bm_amt\/bekanntmachung-20180226-amt.pdf\" target=\"_blank\" rel=\"noopener noreferrer\">Bekanntmachung gem\u00e4\u00df \u00a7 47 d BImSchG i.V.m. der EG-Umgebungsl\u00e4rmhchtlinie 2002\/49\/EG<\/a><\/td>\n<\/tr>\n<tr class=\"row-43\">\n\t<td class=\"column-1\">26.04.2018<\/td><td class=\"column-2\"><a href=\"ortsrecht\/bm_amt\/fundsachen-04-18.pdf\" target=\"_blank\" rel=\"noopener noreferrer\">Bekanntmachung der Fundsachen 26.04.2018<\/a><\/td>\n<\/tr>\n<tr class=\"row-44\">\n\t<td class=\"column-1\">05.07.2018<\/td><td class=\"column-2\"><a href=\"ortsrecht\/bm_amt\/fundsachen-06-18.pdf\" target=\"_blank\" rel=\"noopener noreferrer\">Bekanntmachung der Fundsachen 05.07.2018<\/a><\/td>\n<\/tr>\n<tr class=\"row-45\">\n\t<td class=\"column-1\">13.08.2018<\/td><td class=\"column-2\"><a href=\"ortsrecht\/bm_amt\/fundsachen-08-18.pdf\" target=\"_blank\" rel=\"noopener noreferrer\">Bekanntmachung der Fundsachen 13.08.2018<\/a><\/td>\n<\/tr>\n<tr class=\"row-46\">\n\t<td class=\"column-1\">11.10.2018<\/td><td class=\"column-2\"><a href=\"ortsrecht\/bm_amt\/bekanntmachung-20181011-amt.pdf\" target=\"_blank\" rel=\"noopener noreferrer\">Vereinbarung zur \u00dcbertragung von Teilaufgaben der KFZ Zulassungsbeh\u00f6rde<\/a><\/td>\n<\/tr>\n<tr class=\"row-47\">\n\t<td class=\"column-1\">03.01.2019<\/td><td class=\"column-2\"><a href=\"aktuelles\/wahlen2019\/BekanntmachungEinreichung.pdf\" target=\"_blank\" rel=\"noopener noreferrer\">\u00d6ffentliche Bekanntmachung zu den Wahlen am 26. Mai 2019<\/a><\/td>\n<\/tr>\n<tr class=\"row-48\">\n\t<td class=\"column-1\">25.01.2019<\/td><td class=\"column-2\"><a href=\"ortsrecht\/bm_amt\/bekanntmachung-20190125-amt.pdf\" target=\"_blank\" rel=\"noopener noreferrer\">Bekanntmachung der Feststellung der Jahresrechnung 2016 und der Entlastung des Amtsvorstehers<\/a><\/td>\n<\/tr>\n<tr class=\"row-49\">\n\t<td class=\"column-1\">28.01.2019<\/td><td class=\"column-2\"><a href=\"ortsrecht\/bm_amt\/bekanntmachung-20190128-amt.pdf\" target=\"_blank\" rel=\"noopener noreferrer\">Haushaltssatzung des Amtes \u201eUsedom-S\u00fcd\u201c f\u00fcr das Haushaltsjahr 2019<\/a><\/td>\n<\/tr>\n<tr class=\"row-50\">\n\t<td class=\"column-1\">26.02.2019<\/td><td class=\"column-2\"><a href=\"aktuelles\/wahlen2019\/BekanntmachungWahlleitung.pdf\" target=\"_blank\" rel=\"noopener noreferrer\">\u00d6ffentliche Bekanntmachung kommunale Wahlleitung zu den Wahlen am 26. Mai 2019<\/a><\/td>\n<\/tr>\n<tr class=\"row-51\">\n\t<td class=\"column-1\">07.03.2019<\/td><td class=\"column-2\"><a href=\"aktuelles\/wahlen2019\/BekanntmachungGWA.pdf\" target=\"_blank\" rel=\"noopener noreferrer\">\u00d6ffentliche Bekanntmachung Gemeindewahlausschuss<\/a><\/td>\n<\/tr>\n<tr class=\"row-52\">\n\t<td class=\"column-1\">11.03.2019<\/td><td class=\"column-2\"><a href=\"aktuelles\/DeichundGrabenschau.pdf\" target=\"_blank\" rel=\"noopener noreferrer\">Deich- und Grabenschau 2019<\/a><\/td>\n<\/tr>\n<tr class=\"row-53\">\n\t<td class=\"column-1\">19.03.2019<\/td><td class=\"column-2\"><a href=\"?page_id=4627\" target=\"_blank\" rel=\"noopener noreferrer\">Bekanntmachungen zu den Wahlen am 26. Mai 2019<\/a><\/td>\n<\/tr>\n<tr class=\"row-54\">\n\t<td class=\"column-1\">04.06.2019<\/td><td class=\"column-2\"><a href=\"ortsrecht\/bm_amt\/bekanntmachung-20190604-amt.pdf\" target=\"_blank\" rel=\"noopener noreferrer\">Amtliche Bekanntmachung Er\u00f6rterungstermin<\/a><\/td>\n<\/tr>\n<tr class=\"row-55\">\n\t<td class=\"column-1\">28.01.2020<\/td><td class=\"column-2\"><a href=\"ortsrecht\/bm_amt\/bekanntmachung-20200128-amt.pdf\" target=\"_blank\" rel=\"noopener noreferrer\">Bekanntmachung der Haushaltssatzung des Amtes Usedom-S\u00fcd f\u00fcr das Haushaltsjahr 2020<\/a><\/td>\n<\/tr>\n<tr class=\"row-56\">\n\t<td class=\"column-1\">29.01.2020<\/td><td class=\"column-2\"><a href=\"ortsrecht\/bm_amt\/bekanntmachung-20200129-amt.pdf\" target=\"_blank\" rel=\"noopener noreferrer\">Bekanntmachung des Berichtes \u00fcber die \u00fcber\u00f6rtliche Pr\u00fcfung der Haushaltsjahre 2012 \u2013 2015 des Amtes Usedom S\u00fcd<\/a><\/td>\n<\/tr>\n<tr class=\"row-57\">\n\t<td class=\"column-1\">13.10.2020<\/td><td class=\"column-2\"><a href=\"ortsrecht\/bm_amt\/bekanntmachung-20201013-amt.pdf\" target=\"_blank\" rel=\"noopener noreferrer\">\u00d6ffentlich Bekanntmachung des Amtes Usedom-S\u00fcd zum Umgang mit Fundtieren<\/a><\/td>\n<\/tr>\n<\/tbody>\n<\/table>\n<!-- #tablepress-23 from cache -->\n<p><a href=\"?page_id=361\" title=\"\u00d6ffentliche Bekanntmachungen - Amt Usedom-S\u00fcd\">Zu den aktuellen Bekanntmachungen&#8230;<\/a><\/p>","protected":false},"excerpt":{"rendered":"<p>Zu den aktuellen Bekanntmachungen&#8230;<\/p>\n","protected":false},"author":2,"featured_media":0,"parent":0,"menu_order":0,"comment_status":"closed","ping_status":"closed","template":"","meta":{"footnotes":""},"class_list":["post-2562","page","type-page","status-publish","hentry"],"_links":{"self":[{"href":"https:\/\/www.amtusedom.de\/index.php?rest_route=\/wp\/v2\/pages\/2562","targetHints":{"allow":["GET"]}}],"collection":[{"href":"https:\/\/www.amtusedom.de\/index.php?rest_route=\/wp\/v2\/pages"}],"about":[{"href":"https:\/\/www.amtusedom.de\/index.php?rest_route=\/wp\/v2\/types\/page"}],"author":[{"embeddable":true,"href":"https:\/\/www.amtusedom.de\/index.php?rest_route=\/wp\/v2\/users\/2"}],"replies":[{"embeddable":true,"href":"https:\/\/www.amtusedom.de\/index.php?rest_route=%2Fwp%2Fv2%2Fcomments&post=2562"}],"version-history":[{"count":6,"href":"https:\/\/www.amtusedom.de\/index.php?rest_route=\/wp\/v2\/pages\/2562\/revisions"}],"predecessor-version":[{"id":5845,"href":"https:\/\/www.amtusedom.de\/index.php?rest_route=\/wp\/v2\/pages\/2562\/revisions\/5845"}],"wp:attachment":[{"href":"https:\/\/www.amtusedom.de\/index.php?rest_route=%2Fwp%2Fv2%2Fmedia&parent=2562"}],"curies":[{"name":"wp","href":"https:\/\/api.w.org\/{rel}","templated":true}]}}