{"id":754,"date":"2012-09-06T13:13:44","date_gmt":"2012-09-06T11:13:44","guid":{"rendered":"http:\/\/localhost\/wp\/?page_id=754"},"modified":"2020-09-03T10:13:28","modified_gmt":"2020-09-03T08:13:28","slug":"ortsrecht-gemeinde-uckeritz-offentliche-bekanntmachungen","status":"publish","type":"page","link":"https:\/\/www.amtusedom.de\/?page_id=754","title":{"rendered":"Ortsrecht \u2013 Gemeinde \u00dcckeritz: \u00d6ffentliche Bekanntmachungen"},"content":{"rendered":"<p><strong>Ortsrecht Gemeinde \u00dcckeritz &#8211; \u00d6ffentliche Bekanntmachungen<\/strong><\/p>\n\n<table id=\"tablepress-14\" class=\"tablepress tablepress-id-14\">\n<thead>\n<tr class=\"row-1\">\n\t<th class=\"column-1\">Ver\u00f6ffentlicht am<\/th><th class=\"column-2\">Bekanntmachung<\/th>\n<\/tr>\n<\/thead>\n<tbody class=\"row-striping\">\n<tr class=\"row-2\">\n\t<td class=\"column-1\">12.03.2021<\/td><td class=\"column-2\"><a target=\"_blank\" href=\"ortsrecht\/bm_ueckeritz\/bekanntmachung-20210312-ueckeritz.pdf\" rel=\"noopener noreferrer\">Bekanntmachung der Gemeinde \u00dcckeritz \u00fcber den Beschluss GVUe-0857\/20 vom 17.02.2021 zur Abw\u00e4gung und \u00fcber die \u00f6ffentliche Auslegung des ge\u00e4nderten Entwurfes der 3. \u00c4nderung des Bebauungsplanes Nr. 6 \"Hafen Stagnie\u00df und Camping\" der Gemeinde Seebad \u00dcckeritz und dessen erneuter Auslage in der Fassung 10-2020<\/a><\/td>\n<\/tr>\n<tr class=\"row-3\">\n\t<td class=\"column-1\">06.04.2021<\/td><td class=\"column-2\"><a target=\"_blank\" href=\"ortsrecht\/bm_ueckeritz\/bekanntmachung-20210406-1-ueckeritz.pdf\" rel=\"noopener noreferrer\">Bekanntmachung der Gemeinde Seebad \u00dcckeritz \u00fcber die \u00f6ffentliche Auslegung des Planentwurfs gem\u00e4\u00df \u00a7 3 Abs. 2 BauGB des vorhabenbe-zogenen Bebauungsplans Nr. 1 \u201eSondergebiet Ferienwohnungen Wockninstra\u00dfe 6\u201c der Gemeinde Seebad \u00dcckeritz<\/a><\/td>\n<\/tr>\n<tr class=\"row-4\">\n\t<td class=\"column-1\">06.04.2021<\/td><td class=\"column-2\"><a target=\"_blank\" href=\"ortsrecht\/bm_ueckeritz\/bekanntmachung-20210406-2-ueckeritz.pdf\" rel=\"noopener noreferrer\">Bekanntmachung der Gemeinde Seebad \u00dcckeritz \u00fcber die \u00f6ffentliche Auslegung des Planentwurfs gem\u00e4\u00df \u00a7 3 Abs. 2 BauGB der 2. Erg\u00e4nzung des Fl\u00e4chennutzungsplans der Gemeinde Seebad \u00dcckeritz f\u00fcr den Bereich \u201eSondergebiet Ferienwohnung Wockninstra\u00dfe 6\u201c<\/a><\/td>\n<\/tr>\n<tr class=\"row-5\">\n\t<td class=\"column-1\">30.06.2021<\/td><td class=\"column-2\"><a target=\"_blank\" href=\"ortsrecht\/bm_ueckeritz\/bekanntmachung-20210630-ueckeritz.pdf\" rel=\"noopener noreferrer\">Bekanntmachung: Eintragung in das Grundbuch<\/a><\/td>\n<\/tr>\n<tr class=\"row-6\">\n\t<td class=\"column-1\">08.07.2021<\/td><td class=\"column-2\"><a target=\"_blank\" href=\"ortsrecht\/bm_ueckeritz\/bekanntmachung-20210708-ueckeritz.pdf\" rel=\"noopener noreferrer\">\u00d6ffentlich Bekanntmachung: Widmung einer Verkehrsfl\u00e4che<\/a><\/td>\n<\/tr>\n<tr class=\"row-7\">\n\t<td class=\"column-1\">12.07.2021<\/td><td class=\"column-2\"><a target=\"_blank\" href=\"ortsrecht\/bm_ueckeritz\/bekanntmachung-20210712-ueckeritz.pdf\" rel=\"noopener noreferrer\">\u00d6ffentliche Bekanntmachung des Gemeindewahlleiters f\u00fcr die Kommunalwahl am 26. Mai 2019<\/a><\/td>\n<\/tr>\n<tr class=\"row-8\">\n\t<td class=\"column-1\">05.10.2021<\/td><td class=\"column-2\"><a target=\"_blank\" href=\"ortsrecht\/bm_ueckeritz\/bekanntmachung-20211005-ueckeritz.pdf\" rel=\"noopener noreferrer\">Bekanntmachung der Haushaltssatzung der Gemeinde \u00dcckeritz f\u00fcr das Haushaltsjahr 2021<\/a><\/td>\n<\/tr>\n<tr class=\"row-9\">\n\t<td class=\"column-1\">31.05.2022<\/td><td class=\"column-2\"><a target=\"_blank\" href=\"ortsrecht\/bm_ueckeritz\/bekanntmachung-20220531-ueckeritz.pdf\" rel=\"noopener noreferrer\">Bekanntmachung der Gemeinde \u00dcckeritz zum Beschluss Nr. GVUe-1089\/22 vom 24.05.2022 \u00fcber die Aufstellung des Bebauungsplanes Nr. 23 \u201eErsatzneubau Edeka-Markt auf dem Campingplatz \u00dcckeritz\u201c der Gemeinde \u00dcckeritz<\/a><\/td>\n<\/tr>\n<tr class=\"row-10\">\n\t<td class=\"column-1\">08.06.2022<\/td><td class=\"column-2\"><a target=\"_blank\" href=\"ortsrecht\/bm_ueckeritz\/bekanntmachung-20220608-ueckeritz.pdf\" rel=\"noopener noreferrer\">Bekanntmachung der Gemeinde \u00dcckeritz zum Beschluss Nr. GVUe-1087\/22 vom 24.05.2022 \u00fcber die Aufstellung der 1. Erg\u00e4nzung des Bebauungsplanes Nr. 20 f\u00fcr das Allgemeine Wohngebiet \u201eAn der B\u00e4derstra\u00dfe \u2013 B 111\u201c der Gemeinde Seebad \u00dcckeritz<\/a><\/td>\n<\/tr>\n<tr class=\"row-11\">\n\t<td class=\"column-1\">09.06.2022<\/td><td class=\"column-2\"><a target=\"_blank\" href=\"ortsrecht\/bm_ueckeritz\/bekanntmachung-20220609-1-ueckeritz.pdf\" rel=\"noopener noreferrer\">Bekanntmachung der Gemeinde Seebad \u00dcckeritz \u00fcber die Genehmigung der 2. Erg\u00e4nzung des Fl\u00e4chennutzungsplanes der Gemeinde Seebad \u00dcckeritz i.V.m. vorhabenbezogener Bebauungsplan Nr. 1 \u201eSondergebiet Ferienwohnungen Wockninstra\u00dfe 6\u201c der Gemeinde Ostseebad \u00dcckeritz<\/a><\/td>\n<\/tr>\n<tr class=\"row-12\">\n\t<td class=\"column-1\">09.06.2022<\/td><td class=\"column-2\"><a target=\"_blank\" href=\"ortsrecht\/bm_ueckeritz\/bekanntmachung-20220609-2-ueckeritz.pdf\" rel=\"noopener noreferrer\">Bekanntmachung der Gemeinde Seebad \u00dcckeritz \u00fcber den Beschluss Nr. GVUe-1020\/21 vom 23.11.2021, \u00fcber die Satzung zum vorhabenbezogenen Bebauungsplans Nr. 1 \u201eSondergebiet Ferienwohnungen Wockninstra\u00dfe 6\u201c der Gemeinde Seebad \u00dcckeritz<\/a><\/td>\n<\/tr>\n<tr class=\"row-13\">\n\t<td class=\"column-1\">10.06.2022<\/td><td class=\"column-2\"><a target=\"_blank\" href=\"ortsrecht\/bm_ueckeritz\/bekanntmachung-20220610-ueckeritz.pdf\" rel=\"noopener noreferrer\">Bekanntmachung der Gemeinde \u00dcckeritz zum Beschluss Nr. GVUe-1089\/22 vom 24.05.2022 \u00fcber die Aufstellung des Bebauungsplanes Nr. 23 \u201eErsatzneubau Edeka-Markt auf dem Campingplatz \u00dcckeritz\u201c der Gemeinde \u00dcckeritz<\/a><\/td>\n<\/tr>\n<tr class=\"row-14\">\n\t<td class=\"column-1\">18.07.2022<\/td><td class=\"column-2\"><a target=\"_blank\" href=\"ortsrecht\/bm_ueckeritz\/bekanntmachung-20220718-ueckeritz.pdf\" rel=\"noopener noreferrer\">\tBekanntmachung der Haushaltssatzung der Gemeinde \u00dcckeritz f\u00fcr das Haushaltsjahr 2022<\/a><\/td>\n<\/tr>\n<tr class=\"row-15\">\n\t<td class=\"column-1\">08.11.2022<\/td><td class=\"column-2\"><a target=\"_blank\" href=\"ortsrecht\/bm_ueckeritz\/bekanntmachung-20221108-ueckeritz.pdf\" rel=\"noopener noreferrer\">\tBekanntmachung der Gemeinde \u00dcckeritz zum Beschluss-Nr. GVUe\u20131097\/22 vom 27.09.2022 \u00fcber die Aufhebung der f\u00f6rmlichen Festlegung des Sanierungsgebietes \u201eDorfmitte\u201c<\/a><\/td>\n<\/tr>\n<tr class=\"row-16\">\n\t<td class=\"column-1\">09.01.2023<\/td><td class=\"column-2\"><a target=\"_blank\" href=\"ortsrecht\/bm_ueckeritz\/bekanntmachnung-VFgemueflu2fs1354.pdf\" rel=\"noopener noreferrer\">\tWidmung einer Verkehrsfl\u00e4che - Gemarkung \u00dcckeritz, Flur 2, Flurst\u00fcck 135\/4, 135\/8 und 135\/15<\/a><\/td>\n<\/tr>\n<tr class=\"row-17\">\n\t<td class=\"column-1\">27.01.2023<\/td><td class=\"column-2\"><a target=\"_blank\" href=\"ortsrecht\/bm_ueckeritz\/oeffentliche_Bekanntmachung-Abmarkung.pdf\" rel=\"noopener noreferrer\">Orts\u00fcbliche Bekanntmachung der Offenlegung der Niederschrift \u00fcber den Grenztermin<\/a><\/td>\n<\/tr>\n<tr class=\"row-18\">\n\t<td class=\"column-1\">03.04.2023<\/td><td class=\"column-2\"><a target=\"_blank\" href=\"https:\/\/www.amtusedom.de\/wp-content\/uploads\/2023\/04\/Bek.-Aufstell.beschl.-4.-Aend.-BP-9-UeckeritzV.pdf\" rel=\"noopener\">Bekanntmachung der Gemeinde Seebad \u00dcckeritz zum Beschluss Nr. 1165\/23 vom 28.03.2023 \u00fcber die Aufstellung der 4. \u00c4nderung des Bebauungsplanes Nr. 9 der Gemeinde \u00dcckeritz   \u201eWohnbebauung an der Fischerstra\u00dfe - Vor dem Hagen\u201c<\/a><\/td>\n<\/tr>\n<tr class=\"row-19\">\n\t<td class=\"column-1\">08.06.2023<\/td><td class=\"column-2\"><a target=\"_blank \"href=\"https:\/\/www.amtusedom.de\/wp-content\/uploads\/2023\/06\/UeckeritzJA2017.pdf\">Bekanntmachung der Feststellung des Jahresabschlusses 2017 und der Entlastung des B\u00fcrgermeisters<\/a><\/td>\n<\/tr>\n<tr class=\"row-20\">\n\t<td class=\"column-1\">08.06.2023<\/td><td class=\"column-2\"><a target=\"_blank\" href=\"https:\/\/www.amtusedom.de\/wp-content\/uploads\/2023\/06\/UeckeritzJA2017SSV.pdf\" rel=\"noopener\">Bekanntmachung der Feststellung des Jahresabschlusses 2017 des St\u00e4dtebaulichen Sonderverm\u00f6gens der Gemeinde \u00dcckeritz und der Entlastung des B\u00fcrgermeisters<\/a><\/td>\n<\/tr>\n<tr class=\"row-21\">\n\t<td class=\"column-1\">08.06.2023<\/td><td class=\"column-2\"><a target=\"_blank\" href=\"https:\/\/www.amtusedom.de\/wp-content\/uploads\/2023\/06\/Bek.-BP-6-4.-Aender.-Ueckeritz.pdf\" rel=\"noopener\">Bekanntmachung der Gemeinde \u00dcckeritz zum Beschluss Nr. GVUe-1200\/23 vom 06.06.2023 \u00fcber die Aufstellung der 4. \u00c4nderung des Bebauungsplanes Nr. 6 \u201eHa-fen Stagnie\u00df und Camping\u201c der Gemeinde Seebad \u00dcckeritz<\/a><\/td>\n<\/tr>\n<tr class=\"row-22\">\n\t<td class=\"column-1\">14.06.2023<\/td><td class=\"column-2\"><a target=\"_blank\" href=\"https:\/\/www.amtusedom.de\/wp-content\/uploads\/2023\/06\/UeckeritzHaushaltsplan2023.pdf\" rel=\"noopener\">Bekanntmachung der Haushaltssatzung der Gemeinde \u00dcckeritz f\u00fcr das Haushaltsjahr 2023<\/a><\/td>\n<\/tr>\n<tr class=\"row-23\">\n\t<td class=\"column-1\">17.07.2023<\/td><td class=\"column-2\"><a target=\"_blank\" href=\"https:\/\/www.amtusedom.de\/wp-content\/uploads\/2023\/07\/Bekanntmachung-Buergerentscheid.pdf\" rel=\"noopener\">\u00d6ffentliche Bekanntmachung \u00fcber den B\u00fcrgerentscheid der Gemeinde Ostseebad \u00dcckeritz zur Abberufung des B\u00fcrgermeisters der Gemeinde Ostseebad \u00dcckeritz sowie auf das Recht auf Einsichtnahme in das Abstimmungsverzeichnis und die Erteilung von Abstimmungsscheinen<\/a><\/td>\n<\/tr>\n<tr class=\"row-24\">\n\t<td class=\"column-1\">04.09.2023<\/td><td class=\"column-2\"><a target=\"_blank\" href=\"https:\/\/www.amtusedom.de\/wp-content\/uploads\/2023\/09\/Bek.Ueckeritz_Wahlen.pdf\" rel=\"noopener\">\u00d6ffentliche Bekanntmachung \u00fcber das Wahlergebnis des B\u00fcrgerentscheid der Gemeinde Ostseebad \u00dcckeritz zur Abberufung des B\u00fcrgermeisters der Gemeinde Ostseebad \u00dcckeritz<\/a><\/td>\n<\/tr>\n<tr class=\"row-25\">\n\t<td class=\"column-1\">27.09.2023<\/td><td class=\"column-2\"><a target=\"_blank\" href=\"https:\/\/www.amtusedom.de\/wp-content\/uploads\/2023\/09\/Aufforderung-Einreichnung-Wahlvorschlaege-Ueckeritz-Wahl-BM.pdf\" rel=\"noopener\">Bekanntmachung - Aufforderung zur Einreichung von Wahlvorschl\u00e4gen f\u00fcr die Neuwahl der ehrenamtlichen B\u00fcrgermeisterin \/ des ehrenamtlichen B\u00fcrgermeisters der Gemeinde Ostseebad \u00dcckeritz am 14. Januar 2024<\/a><\/td>\n<\/tr>\n<tr class=\"row-26\">\n\t<td class=\"column-1\">27.09.2023<\/td><td class=\"column-2\"><a target=\"_blank\" href=\"https:\/\/www.amtusedom.de\/wp-content\/uploads\/2023\/09\/Aufforderung-GWA-Mitglieder-Ueckeritz-Wahl-BM.pdf\" rel=\"noopener\">\u00d6ffentliche Bekanntmachung - Aufforderung an die Parteien und W\u00e4hlergruppen zur Benennung von Wahlausschussmitgliedern<\/a><\/td>\n<\/tr>\n<tr class=\"row-27\">\n\t<td class=\"column-1\">03.11.2023<\/td><td class=\"column-2\"><a target=\"_blank\" href=\"https:\/\/www.amtusedom.de\/wp-content\/uploads\/2023\/11\/Bekanntmachung-1.Sitzung-GWA.pdf\" rel=\"noopener\">Bekanntmachung des Termins der Sitzung des Wahlausschusses f\u00fcr die Zulassung der Wahlvorschl\u00e4ge f\u00fcr die Wahlen der ehrenamtlichen B\u00fcrgermeisterin\/des ehrenamtlichen B\u00fcrgermeisters in der Gemeinde \u00dcckeritz am 14.01.2024<\/a><\/td>\n<\/tr>\n<tr class=\"row-28\">\n\t<td class=\"column-1\">03.11.2023<\/td><td class=\"column-2\"><a target=\"_blank\" href=\"https:\/\/www.amtusedom.de\/wp-content\/uploads\/2023\/11\/Bekanntmachung-1.Sitzung-GWA.pdf\" rel=\"noopener\">Bekanntmachung des Termins der Sitzung des Wahlausschusses f\u00fcr die Zulassung der Wahlvorschl\u00e4ge f\u00fcr die Wahlen der ehrenamtlichen B\u00fcrgermeisterin\/des ehrenamtlichen B\u00fcrgermeisters in der Gemeinde \u00dcckeritz am 14.01.2024<\/a><\/td>\n<\/tr>\n<tr class=\"row-29\">\n\t<td class=\"column-1\">14.11.2023<\/td><td class=\"column-2\"><a target=\"_blank\" href=\"https:\/\/www.amtusedom.de\/wp-content\/uploads\/2023\/11\/Bekanntmachung-zugel.-WV-Bgm.pdf\" rel=\"noopener\">Bekanntmachung \u00fcber die zugelassenen Wahlvorschl\u00e4ge zu den Kommunalwahlen am 14. Januar 2024 f\u00fcr die Wahl der ehrenamtlichen B\u00fcrgermeisterin\/ des ehrenamtlichen B\u00fcrgermeisters<\/a><\/td>\n<\/tr>\n<tr class=\"row-30\">\n\t<td class=\"column-1\">01.12.2023<\/td><td class=\"column-2\"><a target=\"_blank\" href=\"https:\/\/www.amtusedom.de\/wp-content\/uploads\/2024\/01\/Wahlbekanntmachung-Anl.23.pdf\" rel=\"noopener\">Wahlbekanntmachung 14.01.2024<\/a><\/td>\n<\/tr>\n<tr class=\"row-31\">\n\t<td class=\"column-1\">01.12.2023<\/td><td class=\"column-2\"><a target=\"_blank\" href=\"https:\/\/www.amtusedom.de\/wp-content\/uploads\/2023\/12\/Bekanntmachung-Waehlerverzeichnis.pdf\" rel=\"noopener\">Bekanntmachung  \u00fcber das Recht auf Einsichtnahme in das W\u00e4hlerverzeichnis und die Erteilung von Wahlscheinen<\/a><\/td>\n<\/tr>\n<tr class=\"row-32\">\n\t<td class=\"column-1\">22.12.2023<\/td><td class=\"column-2\"><a target=\"_blank\" href=\"https:\/\/www.amtusedom.de\/wp-content\/uploads\/2023\/12\/Bek.HH_Ueckeritz_2024.pdf\" rel=\"noopener\">Bekanntmachung der Haushaltssatzung der Gemeinde \u00dcckeritz f\u00fcr das Haushaltsjahr 2024<\/a><\/td>\n<\/tr>\n<tr class=\"row-33\">\n\t<td class=\"column-1\">09.01.2024<\/td><td class=\"column-2\"><a target=\"_blank\" href=\"https:\/\/www.amtusedom.de\/wp-content\/uploads\/2024\/01\/Bekanntmachung-2.Sitzung-GWA.pdf\" rel=\"noopener\">Bekanntmachung des Termins der Sitzung des Wahlausschusses f\u00fcr die Zulassung der Wahlvorschl\u00e4ge f\u00fcr die Wahlen der ehrenamtlichen B\u00fcrgermeisterin\/des ehrenamtlichen B\u00fcrgermeisters in der Gemeinde \u00dcckeritz am 14.01.2024<\/a><\/td>\n<\/tr>\n<tr class=\"row-34\">\n\t<td class=\"column-1\">15.01.2024<\/td><td class=\"column-2\"><a target=\"_blank\" href=\"https:\/\/www.amtusedom.de\/wp-content\/uploads\/2024\/01\/BMUeckeritz.pdf\" rel=\"noopener\">Bekanntmachung des endg\u00fcltigen Wahlergebnisses und des Namens der gew\u00e4hlten Bewerberin oder des gew\u00e4hlten Bewerbers<\/a><\/td>\n<\/tr>\n<tr class=\"row-35\">\n\t<td class=\"column-1\">25.01.2024<\/td><td class=\"column-2\"><a target=\"_blank\" href=\"https:\/\/www.amtusedom.de\/wp-content\/uploads\/2024\/01\/Bek.-Ausleg.beschl.-4.-Aend.-BP-9-Ueckeritz.pdf\" rel=\"noopener\">Bekanntmachung der Gemeinde Seebad \u00dcckeritz \u00fcber den Beschluss Nr. GVUe-1268\/23 vom 23.11.2023 \u00fcber den Entwurf und die \u00f6ffentliche Auslegung der 4. \u00c4nderung des Bebauungsplanes Nr. 9 der Gemeinde \u00dcckeritz \u201eWohnbebauung an der Fischerstra\u00dfe - Vor dem Hagen\u201c<\/a><\/td>\n<\/tr>\n<tr class=\"row-36\">\n\t<td class=\"column-1\">26.01.2024<\/td><td class=\"column-2\"><a target=\"_blank\" href=\"https:\/\/www.amtusedom.de\/wp-content\/uploads\/2024\/01\/Plan-4-Aender.-BP-9-Ueckeritz-Entwurf-10_2023.pdf\" rel=\"noopener\">Beteiligungsunterlagen zum Beschluss Nr. GVUe-1268\/23 vom 23.11.2023 \u00fcber den Entwurf und die \u00f6ffentliche Auslegung der 4. \u00c4nderung des Bebauungsplanes Nr. 9 der Gemeinde \u00dcckeritz \u201eWohnbebauung an der Fischerstra\u00dfe - Vor dem Hagen\u201c in der Fassung 10-2023<\/a><\/td>\n<\/tr>\n<tr class=\"row-37\">\n\t<td class=\"column-1\">06.02.2024<\/td><td class=\"column-2\"><a target=\"_blank\" href=\"https:\/\/www.amtusedom.de\/wp-content\/uploads\/2024\/02\/Bek.-Aufst.beschl.-BP-Nr.-24-Hudewald-Family-Resort-SPA-Ueckeritz.pdf\" rel=\"noopener\">Bekanntmachung der Gemeinde Seebad \u00dcckeritz \u00fcber den Beschluss Nr.  GVUe-1294\/23 vom 01.02.2024 zur Aufstellung des Bebauungsplanes Nr. 24  \u201eHudewald Family Resort &amp; SPA\u201c an der Stra\u00dfe Am Sportplatz<\/a><\/td>\n<\/tr>\n<tr class=\"row-38\">\n\t<td class=\"column-1\">06.02.2024<\/td><td class=\"column-2\"><a target=\"_blank\" href=\"https:\/\/www.amtusedom.de\/wp-content\/uploads\/2024\/02\/Bek.-zur-erneuten-Oeffentlichkeitsbeteiligung-FNP.pdf\" rel=\"noopener\">Bekanntmachung der Gemeinde \u00dcckeritz zum Beschluss Nr. GVUe-1307\/24 vom 01.02.2024 \u00fcber die erneute \u00f6ffentliche Auslegung der 8. \u00c4nderung des Fl\u00e4chennutzungsplanes der Gemeinde Seebad \u00dcckeritz<\/a><\/td>\n<\/tr>\n<tr class=\"row-39\">\n\t<td class=\"column-1\">28.02.2024<\/td><td class=\"column-2\"><a target=\"_blank\" href=\"https:\/\/www.amtusedom.de\/wp-content\/uploads\/2024\/02\/Ausschreibung-Beachbar.pdf\" rel=\"noopener\">Ausschreibung Beachbar<\/a><\/td>\n<\/tr>\n<tr class=\"row-40\">\n\t<td class=\"column-1\">28.02.2024<\/td><td class=\"column-2\"><a target=\"_blank\" href=\"https:\/\/www.amtusedom.de\/wp-content\/uploads\/2024\/02\/Ausschreibung-Strandkorbvermietung.pdf\" rel=\"noopener\">Ausschfreibung Strandkorbvermietung<\/a><\/td>\n<\/tr>\n<tr class=\"row-41\">\n\t<td class=\"column-1\">29.02.2024<\/td><td class=\"column-2\"><a target=\"_blank\" href=\"https:\/\/www.amtusedom.de\/wp-content\/uploads\/2024\/03\/Bek.-AG-HGW-Ueckeritz.pdf\" rel=\"noopener\">Amtsgericht Greifswald - Terminsbestimmung: Zum Zwecke der Aufhebung der Gemeinschaft<\/a><\/td>\n<\/tr>\n<tr class=\"row-42\">\n\t<td class=\"column-1\">04.03.2024<\/td><td class=\"column-2\"><a target=\"_blank\" href=\"https:\/\/www.amtusedom.de\/wp-content\/uploads\/2024\/03\/Beteiligungsunterlagen-zum-Beschluss-Nr.-GVUe-1307_24.pdf\" rel=\"noopener\">Beteiligungsunterlagen zum Beschluss Nr. GVUe-1307\/24 vom 01.02.2024 \u00fcber die erneute \u00f6ffentliche Auslegung der 8. \u00c4nderung des Fl\u00e4chennutzungsplanes der Gemeinde Seebad \u00dcckeritz<\/a><\/td>\n<\/tr>\n<tr class=\"row-43\">\n\t<td class=\"column-1\">21.05.2024<\/td><td class=\"column-2\"><a target=\"_blank\" href=\"https:\/\/www.amtusedom.de\/wp-content\/uploads\/2024\/05\/SSV-Ueckeritz-JAB-2018.pdf\" rel=\"noopener\">Bekanntmachung der Feststellung des Jahresabschlusses 2018 des St\u00e4dtebaulichen Sonderverm\u00f6gens und der Entlastung des B\u00fcrgermeisters der Gemeinde \u00dcckeritz<\/a><\/td>\n<\/tr>\n<tr class=\"row-44\">\n\t<td class=\"column-1\">21.05.2024<\/td><td class=\"column-2\"><a target=\"_blank\" href=\"https:\/\/www.amtusedom.de\/wp-content\/uploads\/2024\/05\/Ueckeritz-JAB-2018.pdf\" rel=\"noopener\">Bekanntmachung der Feststellung des Jahresabschlusses 2018 und der Entlastung des B\u00fcrgermeisters der Gemeinde \u00dcckeritz<\/a><\/td>\n<\/tr>\n<tr class=\"row-45\">\n\t<td class=\"column-1\">30.05.2024<\/td><td class=\"column-2\"><a target=\"_blank\" href=\"https:\/\/www.amtusedom.de\/wp-content\/uploads\/2024\/05\/Bek.-Gemeinde-Ueckeritz-I-Genehmigung-FNP.pdf\" rel=\"noopener\">Bekanntmachung der Gemeinde \u00dcckeritz zum Beschluss GVUe-1352\/24 vom 23.05.2024 \u00fcber den Feststellungsbeschluss zur 8. \u00c4nderung des Fl\u00e4chennutzungsplanes der Gemeinde Seebad \u00dcckeritz<\/a><\/td>\n<\/tr>\n<tr class=\"row-46\">\n\t<td class=\"column-1\">30.05.2024<\/td><td class=\"column-2\"><a target=\"_blank\" href=\"https:\/\/www.amtusedom.de\/wp-content\/uploads\/2024\/05\/Bek.-Gemeinde-Ueckeritz-Satzungsbeschluss-BP.pdf\" rel=\"noopener\">Bekanntmachung der Gemeinde \u00dcckeritz zum Beschluss Nr. GVUe-1215\/23 vom 13.07.2023 \u00fcber den Satzungsbeschluss zur 3. \u00c4nderung des Bebauungsplanes Nr. 6 *Hafen Stagnie\u00df und Camping* der Gemeinde Seebad \u00dcckeritz<\/a><\/td>\n<\/tr>\n<tr class=\"row-47\">\n\t<td class=\"column-1\">31.05.2024<\/td><td class=\"column-2\"><a target=\"_blank\" href=\"https:\/\/www.amtusedom.de\/wp-content\/uploads\/2024\/06\/Bekanntm.-Satzung-4.-Aend.-BP-9-Ueckeritz.pdf\" rel=\"noopener\">Bekanntmachung der Gemeinde Seebad \u00dcckeritz \u00fcber die Satzung zur 4. \u00c4nderung des Bebauungsplanes Nr. 9  \u201eWohnbebauung an der Fischerstra\u00dfe - Vor dem Hagen\u201c f\u00fcr eine Teilfl\u00e4che aus Flurst\u00fcck 703, Flur 2, Gemarkung \u00dcckeritz<\/a><\/td>\n<\/tr>\n<tr class=\"row-48\">\n\t<td class=\"column-1\">08.01.2025<\/td><td class=\"column-2\"><a target=\"_blank\" href=\"https:\/\/www.amtusedom.de\/wp-content\/uploads\/2025\/01\/00000-Ueckeritz-JAB-2019.pdf\">Bekanntmachung der Feststellung des Jahresabschlusses 2019 und der Entlastung des B\u00fcrgermeisters der Gemeinde \u00dcckeritz<\/a><\/td>\n<\/tr>\n<tr class=\"row-49\">\n\t<td class=\"column-1\">08.01.2025<\/td><td class=\"column-2\"><a target=\"blank\" href=\"https:\/\/www.amtusedom.de\/wp-content\/uploads\/2025\/01\/00000-SSV-Ueckeritz-JAB-2019.pdf\">Bekanntmachung der Feststellung des Jahresabschlusses 2019 des St\u00e4dtebaulichen Sonderverm\u00f6gens und der Entlastung des B\u00fcrgermeisters der Gemeinde \u00dcckeritz<\/a><\/td>\n<\/tr>\n<tr class=\"row-50\">\n\t<td class=\"column-1\">11.02.2025<\/td><td class=\"column-2\"><a target=\"_blank\" href=\"https:\/\/www.amtusedom.de\/wp-content\/uploads\/2025\/02\/Ueckeritz-Bekanntmachung-Haushaltssatzung-2025.pdf\">Bekanntmachung der Haushaltssatzung der Gemeinde \u00dcckeritz f\u00fcr das Haushaltsjahr 2025<\/a><\/td>\n<\/tr>\n<tr class=\"row-51\">\n\t<td class=\"column-1\">25.02.2025<\/td><td class=\"column-2\"><a target=\"_blank\" href=\"https:\/\/www.amtusedom.de\/wp-content\/uploads\/2025\/02\/202400010_Ortsueblich_Bekanntmachung_Offenlegung_.pdf\">Orst\u00fcbliche Bekanntmachung der Offenlegung der Niederschrift \u00fcber den Grenztermin<\/a><\/td>\n<\/tr>\n<tr class=\"row-52\">\n\t<td class=\"column-1\">11.03.2025<\/td><td class=\"column-2\"><a target=\"_blank\" href=\"https:\/\/www.amtusedom.de\/wp-content\/uploads\/2025\/03\/Oeffentliche-Bekanntmachung-Ueckeritz-2025.pdf\">\u00d6ffentliche Bekanntmachung Aufkommensneutrale Hebes\u00e4tze der Gemeinde \u00dcckeritz f\u00fcr die Grundsteuer A und B f\u00fcr das Jahr 2025<\/a><\/td>\n<\/tr>\n<tr class=\"row-53\">\n\t<td class=\"column-1\">03.04.2025<\/td><td class=\"column-2\"><a target=\"_blank\" href=\"https:\/\/www.amtusedom.de\/wp-content\/uploads\/2025\/04\/Bekanntmachung-der-Haushaltssatzung-der-Gemeinde-Ueckeritz-fuer-das-Haushaltjahr-2025.pdf\">Bekanntmachung der Haushaltssatzung der Gemeinde \u00dcckeritz f\u00fcr das Haushaltjahr 2025<\/a><\/td>\n<\/tr>\n<tr class=\"row-54\">\n\t<td class=\"column-1\">11.05.2025<\/td><td class=\"column-2\"><a target=\"_blank\" href=\"https:\/\/www.amtusedom.de\/wp-content\/uploads\/2025\/05\/Bek.-Aufhebung-Beschl.Nr_.-GVUe-1089-22-1-Ueckeritz-BP-Nr.-23.pdf\">Bekanntmachung der Gemeinde \u00dcckeritz \u00fcber den Beschluss Nr. GVUe-1089\/22-1 vom 24.04.2025 f\u00fcr die Aufhebung des Beschlusses Nr. GVUe-1089\/22 vom 24.05.2022<\/a><\/td>\n<\/tr>\n<tr class=\"row-55\">\n\t<td class=\"column-1\">11.05.2025<\/td><td class=\"column-2\"><a target=\"_blank\" href=\"https:\/\/www.amtusedom.de\/wp-content\/uploads\/2025\/05\/Bek.-Aufhebung-Beschl.Nr_.-GVUe-1098-22-1-Ueckeritz-9.Aend-FNP.pdf\">Bekanntmachung der Gemeinde \u00dcckeritz \u00fcber den Beschluss Nr. GVUe-1098\/22-1 vom 24.04.2025, f\u00fcr die Aufhebung des Beschlusses Nr. GVUe-1098\/22 vom 27.09.2022<\/a><\/td>\n<\/tr>\n<tr class=\"row-56\">\n\t<td class=\"column-1\">11.05.2025<\/td><td class=\"column-2\"><a target=\"_blank\" href=\"https:\/\/www.amtusedom.de\/wp-content\/uploads\/2025\/05\/Bek.-AUSLEG.BESCHL.-VORENTWURF-BP24-Ueck-02-2025-Ueckeritz.pdf\">Bekanntmachung der Gemeinde Seebad \u00dcckeritz zum Beschluss Nr. GVUe-0071\/24-1 vom 24.04.2025 \u00fcber den Vorentwurf und die Auslegung  des Bebauungsplanes Nr. 24<\/a><\/td>\n<\/tr>\n<tr class=\"row-57\">\n\t<td class=\"column-1\">11.05.2025<\/td><td class=\"column-2\"><a target=\"_blank\" href=\"https:\/\/www.amtusedom.de\/wp-content\/uploads\/2025\/05\/Bek.-Ueckeritz-BP18-BekanntmachAufstellungsbeschl-Entwurf.pdf\">Bekanntmachung der Gemeinde Seebad \u00dcckeritz zum Beschluss Nr. GVUe-0123\/25 vom 24.04.2025 \u00fcber die Aufstellung der 1. \u00c4nderung des Bebauungsplanes Nr. 18<\/a><\/td>\n<\/tr>\n<tr class=\"row-58\">\n\t<td class=\"column-1\">12.05.2025<\/td><td class=\"column-2\"><a target=\"_blank\" href=\"https:\/\/www.amtusedom.de\/wp-content\/uploads\/2025\/05\/Bekanntmachung-der-Feststellung-des-Jahresabschlusses-2020-und-der-Entlastung-des-Buergermeisters-der-Gemeinde-Ueckeritz-.pdf\">Bekanntmachung der Feststellung des Jahresabschlusses 2020 und der Entlastung des B\u00fcrgermeisters der Gemeinde \u00dcckeritz<\/a><\/td>\n<\/tr>\n<tr class=\"row-59\">\n\t<td class=\"column-1\">12.05.2025<\/td><td class=\"column-2\"><a target=\"_blank\" href=\"https:\/\/www.amtusedom.de\/wp-content\/uploads\/2025\/05\/Bekanntmachung-der-Feststellung-des-Jahresabschlusses-2020-des-Staedtebaulichen-Sondervermoegens-und-der-Entlastung-des-Buergermeisters-der-Gemeinde-Ueckeritz-.pdf\">Bekanntmachung der Feststellung des Jahresabschlusses 2020 des St\u00e4dtebaulichen Sonderverm\u00f6gens und der Entlastung des B\u00fcrgermeisters der Gemeinde \u00dcckeritz<\/a><\/td>\n<\/tr>\n<tr class=\"row-60\">\n\t<td class=\"column-1\">15.05.2025<\/td><td class=\"column-2\"><a target=\"_blank\" href=\"https:\/\/www.amtusedom.de\/wp-content\/uploads\/2025\/05\/Bekanntmachung-JA-19-der-Gemeinde-Ueckeritz-KV.pdf\">Bekanntmachung der Gemeinde \u00dcckeritz  \u00fcber den Jahresabschluss 2019 des Eigenbetriebes Kurverwaltung Ostseebad \u00dcckeritz gem\u00e4\u00df \u00a7 14 Abs.5 Kommunalpr\u00fcfungsgesetz M-V<\/a><\/td>\n<\/tr>\n<tr class=\"row-61\">\n\t<td class=\"column-1\">15.05.2025<\/td><td class=\"column-2\"><a target=\"_blank\" href=\"https:\/\/www.amtusedom.de\/wp-content\/uploads\/2025\/05\/Bek.-JA-20-Ueckeritz-KV.pdf\">Bekanntmachung der Gemeinde \u00dcckeritz  \u00fcber den Jahresabschluss 2020 des Eigenbetriebes Kurverwaltung Ostseebad \u00dcckeritz gem\u00e4\u00df \u00a7 14 Abs.5 Kommunalpr\u00fcfungsgesetz M-V<\/a><\/td>\n<\/tr>\n<tr class=\"row-62\">\n\t<td class=\"column-1\">15.05.2025<\/td><td class=\"column-2\"><a target=\"_blank\" href=\"https:\/\/www.amtusedom.de\/wp-content\/uploads\/2025\/05\/Beteiligungsunterlagen-der-Gemeinde-Ueckeritz-zum-Beschluss-Nr.-GVUe-0071.pdf\">Beteiligungsunterlagen der Gemeinde \u00dcckeritz zum Beschluss Nr. GVUe-0071\/24 \u00fcber die Auslegung zur fr\u00fchzeitigen \u00d6ffentlichkeitsbeteiligung gem. \u00a7 3 Abs. 1 BauGB zum Vorentwurf des BP Nr. 24 \"Hudewald Family Resort &amp; Spa\" der Gemeinde Seebad \u00dcckeritz in der Fassung 02-2025<\/a><\/td>\n<\/tr>\n<tr class=\"row-63\">\n\t<td class=\"column-1\">06.10.2025<\/td><td class=\"column-2\"><a target=\"_blank\" href=\"https:\/\/www.amtusedom.de\/wp-content\/uploads\/2025\/10\/Bekanntmachung-Aufst.beschl-1.-Erg.-BP-Nr.-15.pdf\">Bekanntmachung der Gemeinde \u00dcckeritz  zum Beschluss Nr. GVUe-0116\/25 vom 25.09.2025  \u00fcber die Aufstellung der 1. Erg\u00e4nzung zum Bebauungsplan Nr. 15 \u201eAltersgerechtes Wohnen an der Feldstra\u00dfe\u201c<\/a><\/td>\n<\/tr>\n<tr class=\"row-64\">\n\t<td class=\"column-1\">06.10.2025<\/td><td class=\"column-2\"><a target=\"_blank\" href=\"https:\/\/www.amtusedom.de\/wp-content\/uploads\/2025\/10\/Bekanntm.-Veraenderungssperre-1.-Erg.-BP-Nr.-15.pdf\">Bekanntmachung der Gemeinde \u00dcckeritz zum Beschluss Nr. GVUe- 167\/25 vom 25.09.2025 \u00fcber den Erlass einer Satzung \u00fcber eine Ver\u00e4nderungssperre i. V. m. der Aufstellung der 1. Erg. zum Bebauungsplan Nr. 15 \u201eAltersgerechtes Wohnen an der Feldstra\u00dfe\u201c<\/a><\/td>\n<\/tr>\n<tr class=\"row-65\">\n\t<td class=\"column-1\">15.10.2025<\/td><td class=\"column-2\"><a target=\"_blank\" href=\"https:\/\/www.amtusedom.de\/wp-content\/uploads\/2025\/10\/Ortsuebliche_Bekanntmachung_Offenlegung.pdf\">Orts\u00fcbliche Bekanntmachung  der Offenlegung der Niederschrift \u00fcber den Grenztermin<\/a><\/td>\n<\/tr>\n<tr class=\"row-66\">\n\t<td class=\"column-1\">02.12.2025<\/td><td class=\"column-2\"><a target=\"_blank\" href=\"https:\/\/www.amtusedom.de\/wp-content\/uploads\/2025\/12\/Bek.-JA-21-Ueckeritz-KV.pdf\">Bekanntmachung der Gemeinde \u00dcckeritz  \u00fcber den Jahresabschluss 2021 des Eigenbetriebes Kurverwaltung Ostseebad \u00dcckeritz gem\u00e4\u00df \u00a7 14 Abs.5 Kommunalpr\u00fcfungsgesetz M-V<\/a><\/td>\n<\/tr>\n<tr class=\"row-67\">\n\t<td class=\"column-1\">02.12.2025<\/td><td class=\"column-2\"><a target=\"_blank\" href=\"https:\/\/www.amtusedom.de\/wp-content\/uploads\/2025\/12\/Bek.-JA-22-der-Gemeinde-Ueckeritz-KV.pdf\">Bekanntmachung der Gemeinde \u00dcckeritz  \u00fcber den Jahresabschluss 2022 des Eigenbetriebes Kurverwaltung Ostseebad \u00dcckeritz gem\u00e4\u00df \u00a7 14 Abs. 5 Kommunalpr\u00fcfungsgesetz M-V<\/a><\/td>\n<\/tr>\n<tr class=\"row-68\">\n\t<td class=\"column-1\">04.12.2025<\/td><td class=\"column-2\"><a target=\"_blank\" href=\"https:\/\/www.amtusedom.de\/wp-content\/uploads\/2025\/12\/Bek.-JA-23-Ueckeritz-KV.pdf\">Bekanntmachung der Gemeinde \u00dcckeritz  \u00fcber den Jahresabschluss 2023 des Eigenbetriebes \u201eEigenbetrieb Kurverwaltung der Gemeinde Ostseebad \u00dcckeritz\" gem\u00e4\u00df \u00a7 14 Abs.5 Kommunalpr\u00fcfungsgesetz M-V<\/a><\/td>\n<\/tr>\n<tr class=\"row-69\">\n\t<td class=\"column-1\">19.12.2025<\/td><td class=\"column-2\"><a target=\"_blank\" href=\"https:\/\/www.amtusedom.de\/wp-content\/uploads\/2025\/12\/Aenderung-Bekanntmachung-Auslegung-Ueckeritz-BP18.pdf\">\u00c4nderung Bekanntmachung Auslegung \u00dcckeritz BP18<\/a><\/td>\n<\/tr>\n<tr class=\"row-70\">\n\t<td class=\"column-1\">15.01.2026<\/td><td class=\"column-2\"><a target=\"_blank\" href=\"https:\/\/www.amtusedom.de\/wp-content\/uploads\/2026\/01\/250917-Ueckeritz-BP18-1.-Aender.pdf\">Beteiligungsunterlagen der Gemeinde \u00dcckeritz zum Beschluss GVUe-0179\/25 \u00fcber die Auslegung und Beteiligung der \u00d6ffentlichkeit zum Entwurf 1. \u00c4nderung des Bebauungsplanes Nr. 18 \u201eWohngebiet westlich des Wohngebietes An den Kreischen\u201c der Gemeinde \u00dcckeritz in der Fassung von 09-2025<\/a><\/td>\n<\/tr>\n<tr class=\"row-71\">\n\t<td class=\"column-1\">03.03.2026<\/td><td class=\"column-2\"><a target=\"_blank\" href=\"https:\/\/www.amtusedom.de\/wp-content\/uploads\/2026\/03\/SKMI22510826030309440.pdf\">Bekanntmachung der Haushaltssatzung der Gemeinde \u00dcckeritz f\u00fcr das Haushaltsjahr 2026<\/a><\/td>\n<\/tr>\n<tr class=\"row-72\">\n\t<td class=\"column-1\">07.04.2026<\/td><td class=\"column-2\"><a target=\"_blank\" href=\"https:\/\/www.amtusedom.de\/wp-content\/uploads\/2026\/04\/Ueckeritz-Bekanntmachung-Haushaltssatzung-2026.pdf\">2. Bekanntmachung der Haushaltssatzung der Gemeinde \u00dcckeritz f\u00fcr das Haushaltsjahr 2026<\/a><\/td>\n<\/tr>\n<tr class=\"row-73\">\n\t<td class=\"column-1\">29.04.2026<\/td><td class=\"column-2\"><a target=\"_blank\" href=\"https:\/\/www.amtusedom.de\/wp-content\/uploads\/2026\/04\/Bek.-Bebauungsplans-Nr.-4-B-Gewerbegebiet-\u201eKavelstuecke.pdf\">Bekanntmachung der Gemeinde \u00dcckeritz zum Beschluss GVUe-0229\/26 vom 26.02.2026 \u00fcber den Entwurf und die Auslegung der 1. Erg\u00e4nzung und 4. \u00c4nderung des Bebauungsplans Nr. 4 B Gewerbegebiet \u201eKavelst\u00fccke\u201c der Gemeinde \u00dcckeritz gem\u00e4\u00df \u00a7 3 Abs. 2 BauGB i. V. m. \u00a7 4a Abs. 3 BauGB<\/a><\/td>\n<\/tr>\n<\/tbody>\n<\/table>\n<!-- #tablepress-14 from cache -->\n<p><a href=\"?page_id=2667\" title=\"\u00d6ffentliche Bekanntmachungen Gemeinde \u00dcckeritz - Archiv\">\u00c4ltere Bekanntmachungen&#8230;<\/a><\/p>","protected":false},"excerpt":{"rendered":"<p>Ortsrecht Gemeinde \u00dcckeritz &#8211; \u00d6ffentliche Bekanntmachungen \u00c4ltere Bekanntmachungen&#8230;<\/p>\n","protected":false},"author":2,"featured_media":0,"parent":750,"menu_order":0,"comment_status":"closed","ping_status":"closed","template":"","meta":{"footnotes":""},"class_list":["post-754","page","type-page","status-publish","hentry"],"_links":{"self":[{"href":"https:\/\/www.amtusedom.de\/index.php?rest_route=\/wp\/v2\/pages\/754","targetHints":{"allow":["GET"]}}],"collection":[{"href":"https:\/\/www.amtusedom.de\/index.php?rest_route=\/wp\/v2\/pages"}],"about":[{"href":"https:\/\/www.amtusedom.de\/index.php?rest_route=\/wp\/v2\/types\/page"}],"author":[{"embeddable":true,"href":"https:\/\/www.amtusedom.de\/index.php?rest_route=\/wp\/v2\/users\/2"}],"replies":[{"embeddable":true,"href":"https:\/\/www.amtusedom.de\/index.php?rest_route=%2Fwp%2Fv2%2Fcomments&post=754"}],"version-history":[{"count":28,"href":"https:\/\/www.amtusedom.de\/index.php?rest_route=\/wp\/v2\/pages\/754\/revisions"}],"predecessor-version":[{"id":5958,"href":"https:\/\/www.amtusedom.de\/index.php?rest_route=\/wp\/v2\/pages\/754\/revisions\/5958"}],"up":[{"embeddable":true,"href":"https:\/\/www.amtusedom.de\/index.php?rest_route=\/wp\/v2\/pages\/750"}],"wp:attachment":[{"href":"https:\/\/www.amtusedom.de\/index.php?rest_route=%2Fwp%2Fv2%2Fmedia&parent=754"}],"curies":[{"name":"wp","href":"https:\/\/api.w.org\/{rel}","templated":true}]}}