{"id":78,"date":"2012-08-13T14:52:51","date_gmt":"2012-08-13T12:52:51","guid":{"rendered":"http:\/\/localhost\/wp\/?page_id=78"},"modified":"2025-07-31T16:23:34","modified_gmt":"2025-07-31T14:23:34","slug":"gemeinde-koserow","status":"publish","type":"page","link":"https:\/\/www.amtusedom.de\/?page_id=78","title":{"rendered":"Gemeinde Koserow"},"content":{"rendered":"<p><a href=\"wp-content\/uploads\/2012\/08\/wappen-koserow.png\"><img loading=\"lazy\" decoding=\"async\" class=\"alignright size-full wp-image-156\" title=\"Wappen Koserow\" src=\"wp-content\/uploads\/2012\/08\/wappen-koserow.png\" alt=\"Wappen Koserow\" width=\"100\" height=\"121\" \/><\/a>Seit dem Jahr 2006 pr\u00e4sentiert sich Koserow zusammen mit seinen Nachbargemeinden Zempin, Loddin und \u00dcckeritz unter dem Titel \u201eUsedomer Bernsteinb\u00e4der\u201c. Die Fl\u00e4che der Gemeinde Koserow betr\u00e4gt 6,01 km\u00b2.<\/p>\n<p>Internet: \u00a0\u00a0 \u00a0<a href=\"http:\/\/www.seebad-koserow.de\" target=\"_blank\" rel=\"noopener noreferrer\">www.seebad-koserow.de<\/a><\/p>\n<p>Einwohnerzahl (Stand 07\/2024):<br \/>\nGemeinde Koserow insgesamt 1.722<\/p>\n<p>B\u00fcrgermeister der Gemeinde Koserow ist Herr Rene K\u00f6nig.<br \/>\nTelefon: 038375\/264-0 bzw. 264-20<br \/>\nTelefax: 038375\/264-44<br \/>\nSprechzeiten: Donnerstag 17.00 bis 19.00 Uhr im Gemeindeb\u00fcro, Hauptstra\u00dfe 31<br \/>\n(Geb\u00e4ude der G\u00e4steinformation)<br \/>\n<span style=\"font-size: 11.5pt; font-family: 'Lato',sans-serif; color: #111111;\"><a href=\"https:\/\/www.e-rechnung-bund.de\/faq\/leitweg-id\/\" target=\"_blank\" rel=\"noopener\">Leitweg-ID<\/a>: 13 0 75 066-K000-82<\/span><\/p>\n<h2 id=\"tablepress-147-name\" class=\"tablepress-table-name tablepress-table-name-id-147\">Die Mitglieder der Gemeindevertretung Koserow haben sich am 15.07.2024 konstituiert<\/h2>\n\n<table id=\"tablepress-147\" class=\"tablepress tablepress-id-147\" aria-labelledby=\"tablepress-147-name\">\n<thead>\n<tr class=\"row-1\">\n\t<th class=\"column-1\">Name<\/th><th class=\"column-2\">Position<\/th>\n<\/tr>\n<\/thead>\n<tbody class=\"row-striping row-hover\">\n<tr class=\"row-2\">\n\t<td class=\"column-1\">Herr Rene K\u00f6nig<\/td><td class=\"column-2\">B\u00fcrgermeister<\/td>\n<\/tr>\n<tr class=\"row-3\">\n\t<td class=\"column-1\">Herr Thomas Wellnitz<\/td><td class=\"column-2\">1. stellvertretender B\u00fcrgermeister<\/td>\n<\/tr>\n<tr class=\"row-4\">\n\t<td class=\"column-1\">Herr Friedhelm Lietz<\/td><td class=\"column-2\">2. stellvertretender B\u00fcrgermeister<\/td>\n<\/tr>\n<tr class=\"row-5\">\n\t<td class=\"column-1\">Frau Karina Bast<\/td><td class=\"column-2\">Gemeindevertreterin<\/td>\n<\/tr>\n<tr class=\"row-6\">\n\t<td class=\"column-1\">Herr Frank Buch<\/td><td class=\"column-2\">Gemeindevertreter<\/td>\n<\/tr>\n<tr class=\"row-7\">\n\t<td class=\"column-1\">Herr Erik Eckert<\/td><td class=\"column-2\">Gemeindevertreter<\/td>\n<\/tr>\n<tr class=\"row-8\">\n\t<td class=\"column-1\">Herr Maik Ganschow<\/td><td class=\"column-2\">Gemeindevertreter<\/td>\n<\/tr>\n<tr class=\"row-9\">\n\t<td class=\"column-1\">Herr Ulrich Helmer<\/td><td class=\"column-2\">Gemeindevertreter<\/td>\n<\/tr>\n<tr class=\"row-10\">\n\t<td class=\"column-1\">Herr Arnulf Parow<\/td><td class=\"column-2\">Gemeindevertreter<\/td>\n<\/tr>\n<tr class=\"row-11\">\n\t<td class=\"column-1\">Herr Karsten Mu\u00dfgang<\/td><td class=\"column-2\">Gemeindevertreter<\/td>\n<\/tr>\n<tr class=\"row-12\">\n\t<td class=\"column-1\">Herr Maik Clemann<\/td><td class=\"column-2\">Gemeindevertreter<\/td>\n<\/tr>\n<tr class=\"row-13\">\n\t<td class=\"column-1\">Herr Achim Dreischmeier<\/td><td class=\"column-2\">Gemeindevertreter<\/td>\n<\/tr>\n<tr class=\"row-14\">\n\t<td class=\"column-1\">Herr Enrico Dahl<\/td><td class=\"column-2\">Gemeindevertreter<\/td>\n<\/tr>\n<\/tbody>\n<\/table>\n<!-- #tablepress-147 from cache -->\n<p style=\"text-align: center;\"><strong>Gemeindevertretung Koserow<\/strong><\/p>\n<div id=\"attachment_9367\" style=\"width: 2570px\" class=\"wp-caption alignnone\"><a href=\"https:\/\/www.amtusedom.de\/wp-content\/uploads\/2024\/07\/Koserow2024-scaled.jpg\"><img loading=\"lazy\" decoding=\"async\" aria-describedby=\"caption-attachment-9367\" class=\"size-full wp-image-9367\" src=\"https:\/\/www.amtusedom.de\/wp-content\/uploads\/2024\/07\/Koserow2024-scaled.jpg\" alt=\"\" width=\"2560\" height=\"1920\" srcset=\"https:\/\/www.amtusedom.de\/wp-content\/uploads\/2024\/07\/Koserow2024-scaled.jpg 2560w, https:\/\/www.amtusedom.de\/wp-content\/uploads\/2024\/07\/Koserow2024-300x225.jpg 300w, https:\/\/www.amtusedom.de\/wp-content\/uploads\/2024\/07\/Koserow2024-1024x768.jpg 1024w, https:\/\/www.amtusedom.de\/wp-content\/uploads\/2024\/07\/Koserow2024-768x576.jpg 768w, https:\/\/www.amtusedom.de\/wp-content\/uploads\/2024\/07\/Koserow2024-1536x1152.jpg 1536w, https:\/\/www.amtusedom.de\/wp-content\/uploads\/2024\/07\/Koserow2024-2048x1536.jpg 2048w\" sizes=\"auto, (max-width: 2560px) 100vw, 2560px\" \/><\/a><p id=\"caption-attachment-9367\" class=\"wp-caption-text\">Bild v.l.n.r. Enrico Dahl, Rene K\u00f6nig, Karina Bast, Arnulf Parow, Karsten Mu\u00dfgang, Ulrich Helmer, Maik Clemann, Friedhelm Lietz, Achim Dreischmeier, Maik Ganschow, Frank Buch, Thomas Wellnitz, Erik Eckert<\/p><\/div>\n<p>&nbsp;<\/p>\n<p><strong>Zu den Sehensw\u00fcrdigkeiten:<\/strong><\/p>\n<p>Koserow etwa in der Mitte zwischen Karlshagen und Ahlbeck, an der schmalsten Stelle der Insel Usedom, zwischen Ostsee und Achterwasser gelegen, ist in seiner Naturausstattung einmalig und vielgestaltig. Ob Badelustiger, Segler, Surfer, Wanderer oder Radwanderer, jeder kann hier auf seine Kosten kommen. Ein besonderer Reiz geht von der h\u00f6chsten Erhebung der Insel Usedom, dem Streckelsberg mit seinen 60 m H\u00f6he, aus. Von seinem Steilufer aus bietet sich dem Betrachter ein wundersch\u00f6ner Blick aufs Meer.<\/p>\n<p>Koserow wurde erstmals im Jahre 1347 als Cuzerowe urkundlich erw\u00e4hnt und ist eine der \u00e4ltesten Siedlungen auf der Insel Usedom. Die Koserower Kirche, die bereits Ende des 13. Jahrhunderts als Feldsteinkirche erbaut wurde, ist die \u00e4lteste Kirche an der Usedomer Ostseek\u00fcste. Noch bevor an das Badeleben in Koserow zu denken war, wurde der Ort durch seine ereignisreiche Geschichte bekannt. So soll vor der K\u00fcste von Koserow einst die sagenhafte Stadt Vineta gelegen haben. Auch der gef\u00fcrchtete Seer\u00e4uber &#8222;Klaus St\u00f6rtebeker&#8220; soll in den H\u00f6hlen des Streckelsbergs einst seinen Schlupfwinkel gehabt haben. Der Koserower Pfarrer Wilhelm Meinhold verfasste nach alten Kirchenb\u00fcchern den Roman &#8222;Die Bernsteinhexe&#8220;, der im Jahre 1843 erschien. Das Gebiet zwischen Koserow und Zempin, mit nur 300 m Land zwischen Ostsee und Achterwasser war \u00fcber die Jahrhunderte immer wieder von der Gewalt des Wassers bedroht. Im November 1872 erlebte die Insel und vor allem das Vorwerk Damerow eine verheerende Sturmflut mit Wasserst\u00e4nden bis 3 m \u00fcber Normal. \u00dcber diese Sturmflut und ihre Auswirkungen in Damerow berichtete die Presse in ganz Deutschland. Die Ortschaft Damerow wurde in dieser Sturmnacht weitgehend zerst\u00f6rt. Nur der Umsicht und der Hilfsbereitschaft der Koserower Fischer war es zu danken, dass die Bewohner des Vorwerks mit dem Leben davonkamen. Mit \u00e4hnlicher Kraft w\u00fcteten St\u00fcrme in den folgenden Jahren und Jahrzehnten.<\/p>\n<p>Am 9.\/10. Februar 1874 sorgte die Sturmflut daf\u00fcr, die Reste des Vorwerks Damerow in Tr\u00fcmmer zu legen. Nach dem R\u00fcckgang der Flut bedeckte eine 60 cm starke Schicht Seesand die Felder und Wiesen. Den Bewohnern blieb nichts anderes \u00fcbrig, als Damerow zu verlassen und sich in Koserow anzusiedeln.<br \/>\nAn dieser schmalsten Stelle der Insel Usedom befindet sich heute &#8222;L\u00fcttenort&#8220;, die ehemalige Wirkungsst\u00e4tte des Malers Otto Niemeyer Holstein&#8217;s. Ein Museum, welches den interessierten Besucher ganzj\u00e4hrig einl\u00e4dt.<\/p>\n<p>Eine weitere Sehensw\u00fcrdigkeit sind die Koserower Salzh\u00fctten. Diese wurden um 1820 im Zuge einer von der k\u00f6niglichen Regierung angeregten Ma\u00dfnahme zur F\u00f6rderung der Strandfischerei an der ganzen Usedomer K\u00fcste errichtet. Sie dienten anfangs als Verschlusslager f\u00fcr steuerfreies, vom Staat geliefertes Steinsalz. W\u00e4hrend der Heringsfangzeit wurde in diesen H\u00fctten der Hering unter staatlicher Aufsicht gesalzen und verpackt. Ein Teil der H\u00fctten wird noch heute von \u00f6rtlichen Fischern genutzt; dar\u00fcber hinaus befinden sich in ihrem Umfeld mehrere Gastst\u00e4tten, Imbissangebote sowie Souvenirgesch\u00e4fte.<\/p>\n<div id=\"metaslider-id-7541\" style=\"width: 100%;\" class=\"ml-slider-3-107-0 metaslider metaslider-flex metaslider-7541 ml-slider has-dots-nav ms-theme-default\" role=\"region\" aria-label=\"KoserowSlide\" data-height=\"400\" data-width=\"700\">\n    <div id=\"metaslider_container_7541\">\n        <div id=\"metaslider_7541\">\n            <ul class='slides'>\n                <li style=\"display: block; width: 100%;\" class=\"slide-7542 ms-image \" aria-roledescription=\"slide\" data-date=\"2023-04-20 14:36:50\" data-filename=\"20211007-DJI_0171_Fotograf_Andreas_Dumke-scaled-700x400.jpg\" data-slide-type=\"image\"><img loading=\"lazy\" decoding=\"async\" src=\"https:\/\/www.amtusedom.de\/wp-content\/uploads\/2023\/04\/20211007-DJI_0171_Fotograf_Andreas_Dumke-scaled-700x400.jpg\" height=\"400\" width=\"700\" alt=\"\" class=\"slider-7541 slide-7542 msDefaultImage\" title=\"20211007-DJI_0171_Fotograf_Andreas_Dumke\" \/><div class=\"caption-wrap\"><div class=\"caption\">Fotograf: Andreas Dumke<\/div><\/div><\/li>\n                <li style=\"display: none; width: 100%;\" class=\"slide-7543 ms-image \" aria-roledescription=\"slide\" data-date=\"2023-04-20 14:36:50\" data-filename=\"20210610-IF__8062_Fotograf_Andreas_Dumke-scaled-700x400.jpg\" data-slide-type=\"image\"><img loading=\"lazy\" decoding=\"async\" src=\"https:\/\/www.amtusedom.de\/wp-content\/uploads\/2023\/04\/20210610-IF__8062_Fotograf_Andreas_Dumke-scaled-700x400.jpg\" height=\"400\" width=\"700\" alt=\"\" class=\"slider-7541 slide-7543 msDefaultImage\" title=\"20210610-IF__8062_Fotograf_Andreas_Dumke\" \/><div class=\"caption-wrap\"><div class=\"caption\">Fotograf: Andreas Dumke<\/div><\/div><\/li>\n                <li style=\"display: none; width: 100%;\" class=\"slide-7544 ms-image \" aria-roledescription=\"slide\" data-date=\"2023-04-20 14:36:50\" data-filename=\"Aussichtsplattform_mit_Glockenturm-scaled-700x400.jpg\" data-slide-type=\"image\"><img loading=\"lazy\" decoding=\"async\" src=\"https:\/\/www.amtusedom.de\/wp-content\/uploads\/2023\/04\/Aussichtsplattform_mit_Glockenturm-scaled-700x400.jpg\" height=\"400\" width=\"700\" alt=\"\" class=\"slider-7541 slide-7544 msDefaultImage\" title=\"Aussichtsplattform_mit_Glockenturm\" \/><\/li>\n                <li style=\"display: none; width: 100%;\" class=\"slide-7545 ms-image \" aria-roledescription=\"slide\" data-date=\"2023-04-20 14:36:50\" data-filename=\"Feuerwehr-scaled-700x400.jpg\" data-slide-type=\"image\"><img loading=\"lazy\" decoding=\"async\" src=\"https:\/\/www.amtusedom.de\/wp-content\/uploads\/2023\/04\/Feuerwehr-scaled-700x400.jpg\" height=\"400\" width=\"700\" alt=\"\" class=\"slider-7541 slide-7545 msDefaultImage\" title=\"Feuerwehr\" \/><\/li>\n                <li style=\"display: none; width: 100%;\" class=\"slide-7546 ms-image \" aria-roledescription=\"slide\" data-date=\"2023-04-20 14:36:51\" data-filename=\"Kirche-scaled-700x400.jpg\" data-slide-type=\"image\"><img loading=\"lazy\" decoding=\"async\" src=\"https:\/\/www.amtusedom.de\/wp-content\/uploads\/2023\/04\/Kirche-scaled-700x400.jpg\" height=\"400\" width=\"700\" alt=\"\" class=\"slider-7541 slide-7546 msDefaultImage\" title=\"Kirche\" \/><\/li>\n                <li style=\"display: none; width: 100%;\" class=\"slide-7547 ms-image \" aria-roledescription=\"slide\" data-date=\"2023-04-20 14:36:51\" data-filename=\"Kurplatz-scaled-700x400.jpg\" data-slide-type=\"image\"><img loading=\"lazy\" decoding=\"async\" src=\"https:\/\/www.amtusedom.de\/wp-content\/uploads\/2023\/04\/Kurplatz-scaled-700x400.jpg\" height=\"400\" width=\"700\" alt=\"\" class=\"slider-7541 slide-7547 msDefaultImage\" title=\"Kurplatz\" \/><\/li>\n                <li style=\"display: none; width: 100%;\" class=\"slide-7548 ms-image \" aria-roledescription=\"slide\" data-date=\"2023-04-20 14:36:51\" data-filename=\"Sonnenuntergang12082021-scaled-700x400.jpg\" data-slide-type=\"image\"><img loading=\"lazy\" decoding=\"async\" src=\"https:\/\/www.amtusedom.de\/wp-content\/uploads\/2023\/04\/Sonnenuntergang12082021-scaled-700x400.jpg\" height=\"400\" width=\"700\" alt=\"\" class=\"slider-7541 slide-7548 msDefaultImage\" title=\"Sonnenuntergang12082021\" \/><\/li>\n                <li style=\"display: none; width: 100%;\" class=\"slide-7549 ms-image \" aria-roledescription=\"slide\" data-date=\"2023-04-20 14:36:51\" data-filename=\"IMG_6799-scaled-700x400.jpg\" data-slide-type=\"image\"><img loading=\"lazy\" decoding=\"async\" src=\"https:\/\/www.amtusedom.de\/wp-content\/uploads\/2023\/04\/IMG_6799-scaled-700x400.jpg\" height=\"400\" width=\"700\" alt=\"\" class=\"slider-7541 slide-7549 msDefaultImage\" title=\"IMG_6799\" \/><\/li>\n            <\/ul>\n        <\/div>\n        \n    <\/div>\n<\/div>\n<p>&nbsp;<\/p>\n<p>&nbsp;<\/p>\n<p>&nbsp;<\/p>\n<div id=\"attachment_1080\" style=\"width: 260px\" class=\"wp-caption alignleft\"><img loading=\"lazy\" decoding=\"async\" aria-describedby=\"caption-attachment-1080\" class=\"size-full wp-image-1080\" title=\"Blick vom Streckelsberg\" src=\"wp-content\/uploads\/2012\/09\/koserow01.jpg\" alt=\"Blick vom Streckelsberg\" width=\"250\" height=\"167\" \/><p id=\"caption-attachment-1080\" class=\"wp-caption-text\">Blick vom Streckelsberg<\/p><\/div>\n<div id=\"attachment_1081\" style=\"width: 260px\" class=\"wp-caption alignleft\"><img loading=\"lazy\" decoding=\"async\" aria-describedby=\"caption-attachment-1081\" class=\"size-full wp-image-1081\" title=\"Kirche in Koserow\" src=\"wp-content\/uploads\/2012\/09\/koserow02.jpg\" alt=\"Kirche in Koserow\" width=\"250\" height=\"167\" \/><p id=\"caption-attachment-1081\" class=\"wp-caption-text\">Kirche in Koserow<\/p><\/div>\n<div id=\"attachment_1082\" style=\"width: 260px\" class=\"wp-caption alignleft\"><img loading=\"lazy\" decoding=\"async\" aria-describedby=\"caption-attachment-1082\" class=\"size-full wp-image-1082\" title=\"Seebr\u00fccke\" src=\"wp-content\/uploads\/2012\/09\/koserow03.jpg\" alt=\"Seebr\u00fccke\" width=\"250\" height=\"167\" \/><p id=\"caption-attachment-1082\" class=\"wp-caption-text\">Seebr\u00fccke<\/p><\/div>\n<p>&nbsp;<\/p>\n<p>&nbsp;<\/p>","protected":false},"excerpt":{"rendered":"<p>Seit dem Jahr 2006 pr\u00e4sentiert sich Koserow zusammen mit seinen Nachbargemeinden Zempin, Loddin und \u00dcckeritz unter dem Titel \u201eUsedomer Bernsteinb\u00e4der\u201c. Die Fl\u00e4che der Gemeinde Koserow betr\u00e4gt 6,01 km\u00b2. Internet: \u00a0\u00a0 \u00a0www.seebad-koserow.de Einwohnerzahl (Stand 07\/2024): Gemeinde Koserow insgesamt 1.722 B\u00fcrgermeister der Gemeinde Koserow ist Herr Rene K\u00f6nig. Telefon: 038375\/264-0 bzw. 264-20 Telefax: 038375\/264-44 Sprechzeiten: Donnerstag 17.00 bis 19.00 Uhr im Gemeindeb\u00fcro,<\/p>\n","protected":false},"author":2,"featured_media":0,"parent":10,"menu_order":1,"comment_status":"closed","ping_status":"closed","template":"","meta":{"footnotes":""},"class_list":["post-78","page","type-page","status-publish","hentry"],"_links":{"self":[{"href":"https:\/\/www.amtusedom.de\/index.php?rest_route=\/wp\/v2\/pages\/78","targetHints":{"allow":["GET"]}}],"collection":[{"href":"https:\/\/www.amtusedom.de\/index.php?rest_route=\/wp\/v2\/pages"}],"about":[{"href":"https:\/\/www.amtusedom.de\/index.php?rest_route=\/wp\/v2\/types\/page"}],"author":[{"embeddable":true,"href":"https:\/\/www.amtusedom.de\/index.php?rest_route=\/wp\/v2\/users\/2"}],"replies":[{"embeddable":true,"href":"https:\/\/www.amtusedom.de\/index.php?rest_route=%2Fwp%2Fv2%2Fcomments&post=78"}],"version-history":[{"count":30,"href":"https:\/\/www.amtusedom.de\/index.php?rest_route=\/wp\/v2\/pages\/78\/revisions"}],"predecessor-version":[{"id":10702,"href":"https:\/\/www.amtusedom.de\/index.php?rest_route=\/wp\/v2\/pages\/78\/revisions\/10702"}],"up":[{"embeddable":true,"href":"https:\/\/www.amtusedom.de\/index.php?rest_route=\/wp\/v2\/pages\/10"}],"wp:attachment":[{"href":"https:\/\/www.amtusedom.de\/index.php?rest_route=%2Fwp%2Fv2%2Fmedia&parent=78"}],"curies":[{"name":"wp","href":"https:\/\/api.w.org\/{rel}","templated":true}]}}