{"id":780,"date":"2012-09-06T14:19:50","date_gmt":"2012-09-06T12:19:50","guid":{"rendered":"http:\/\/localhost\/wp\/?page_id=780"},"modified":"2023-08-03T11:46:30","modified_gmt":"2023-08-03T09:46:30","slug":"ortsrecht-gemeinde-uckeritz-eigenbetriebe","status":"publish","type":"page","link":"https:\/\/www.amtusedom.de\/?page_id=780","title":{"rendered":"Ortsrecht \u2013 Gemeinde \u00dcckeritz: Eigenbetriebe"},"content":{"rendered":"\n<table id=\"tablepress-110\" class=\"tablepress tablepress-id-110\">\n<thead>\n<tr class=\"row-1\">\n\t<td class=\"column-1\"><\/td><td class=\"column-2\"><\/td>\n<\/tr>\n<\/thead>\n<tbody class=\"row-striping row-hover\">\n<tr class=\"row-2\">\n\t<td class=\"column-1\">Eigenbetriebssatzung<\/td><td class=\"column-2\"><a target=\"_blank\" href=\"https:\/\/www.amtusedom.de\/wp-content\/uploads\/2023\/09\/Eigenbetriebssatzung-Ueckeritz-27.09.2023.pdf\" rel=\"noopener\">Eigenbetriebssatzung \u00dcckeritz 27.09.2023<\/a><\/td>\n<\/tr>\n<tr class=\"row-3\">\n\t<td class=\"column-1\"><\/td><td class=\"column-2\"><a href=\"https:\/\/www.amtusedom.de\/wp-content\/uploads\/2025\/01\/Ueckeritz-1.-Aend.-EB-Satzung-VOe.pdf\" target=\"_blank\">1. Satzung zur \u00c4nderung der Satzung der Gemeinde Ostseebad \u00dcckeritz f\u00fcr den Eigenbetrieb \"Kurverwaltung Seebad \u00dcckeritz\" <\/a><\/td>\n<\/tr>\n<tr class=\"row-4\">\n\t<td class=\"column-1\"><\/td><td class=\"column-2\"><a href=\"https:\/\/www.amtusedom.de\/wp-content\/uploads\/2025\/06\/Eigenbetriebssatzung-27.09.2023-Lesefassung-1.-Aend.-2024.pdf\" target=\"_blank\">Lesefassung 1. Satzung zur \u00c4nderung der Satzung der Gemeinde Ostseebad \u00dcckeritz f\u00fcr den Eigenbetrieb \"Kurverwaltung Seebad \u00dcckeritz\"<\/a><\/td>\n<\/tr>\n<tr class=\"row-5\">\n\t<td class=\"column-1\"><\/td><td class=\"column-2\"><\/td>\n<\/tr>\n<tr class=\"row-6\">\n\t<td class=\"column-1\">Kurabgabe<\/td><td class=\"column-2\"><a href=\"https:\/\/www.amtusedom.de\/wp-content\/uploads\/2025\/06\/Ueckeritz-Kurabgabesatzung-VOe.pdf\" target=\"_blank\">Satzung \u00fcber die Erhebung einer Kurabgabe in der Tourismusregion Insel Usedom und Stadt Wolgast - Kurabgabesatzung - bis 31.12.2025 -<\/a><\/td>\n<\/tr>\n<tr class=\"row-7\">\n\t<td class=\"column-1\"><\/td><td class=\"column-2\"><a href=\"https:\/\/www.amtusedom.de\/wp-content\/uploads\/2025\/12\/Ueckeritz-Kurabgabesatzung-2026.pdf\" target=\"_blank\">Satzung \u00fcber die Erhebung einer Kurabgabe in der Tourismusregion Insel Usedom und Stadt Wolgast - Kurabgabesatzung - ab 01.01.2026 -<\/a><\/td>\n<\/tr>\n<tr class=\"row-8\">\n\t<td class=\"column-1\"><\/td><td class=\"column-2\"><\/td>\n<\/tr>\n<tr class=\"row-9\">\n\t<td class=\"column-1\">Fremdenverkehrsabgabe <\/td><td class=\"column-2\"> \t<a href=\"https:\/\/www.amtusedom.de\/ortsrecht\/or_ueckeritz\/ueckeritz-fva.pdf\" target=\"_blank\" rel=\"noopener noreferrer\">Satzung der Gemeinde Seebad \u00dcckeritz \u00fcber die Erhebung einer Fremdenverkehrsabgabe<\/a>;<\/td>\n<\/tr>\n<tr class=\"row-10\">\n\t<td class=\"column-1\"><\/td><td class=\"column-2\"><\/td>\n<\/tr>\n<tr class=\"row-11\">\n\t<td class=\"column-1\"><\/td><td class=\"column-2\"> \t<a href=\"https:\/\/www.amtusedom.de\/ortsrecht\/or_ueckeritz\/ueckeritz24.pdf\" target=\"_blank\" rel=\"noopener noreferrer\">Entgeltordnung f\u00fcr Fl\u00e4chen mit fester Bebauung sowie f\u00fcr die Nutzung von Einrichtungen der Kurverwaltung zu gewerblichen Zwecken mit Saisoncharakter<\/a>;<\/td>\n<\/tr>\n<tr class=\"row-12\">\n\t<td class=\"column-1\"><\/td><td class=\"column-2\"><\/td>\n<\/tr>\n<tr class=\"row-13\">\n\t<td class=\"column-1\">Badeordnung <\/td><td class=\"column-2\"> \t<a href=\"https:\/\/www.amtusedom.de\/ortsrecht\/or_ueckeritz\/ueckeritz-badeordnung.pdf\" target=\"_blank\" rel=\"noopener noreferrer\">Satzung \u00fcber die Strand- und Badeordnung am Ostseestrand der Gemeinde Ostseebad \u00dcckeritz (Strand- und Badeordnung)<\/a>;<\/td>\n<\/tr>\n<tr class=\"row-14\">\n\t<td class=\"column-1\"><\/td><td class=\"column-2\"><\/td>\n<\/tr>\n<tr class=\"row-15\">\n\t<td class=\"column-1\"><\/td><td class=\"column-2\"><strong>Sportboothafen in der Gemeinde \u00dcckeritz<\/strong><\/td>\n<\/tr>\n<tr class=\"row-16\">\n\t<td class=\"column-1\">Sportboothafen <\/td><td class=\"column-2\"> \t<a href=\"https:\/\/www.amtusedom.de\/ortsrecht\/or_ueckeritz\/ueckeritz11.pdf\" target=\"_blank\" rel=\"noopener noreferrer\">Satzung \u00fcber die Erhebung von Abgaben f\u00fcr die Benutzung des Sportboothafens in der Gemeinde \u00dcckeritz<\/a>;<\/td>\n<\/tr>\n<tr class=\"row-17\">\n\t<td class=\"column-1\"><\/td><td class=\"column-2\"> \t<a href=\"https:\/\/www.amtusedom.de\/ortsrecht\/or_ueckeritz\/Entgeltordnung_Sportboothafen_ueckeritz.pdf\" target=\"_blank\" rel=\"noopener noreferrer\">Entgeltordnung f\u00fcr die Entnahme von Energie und Wasser im Sportboothafen der Gemeinde \u00dcckeritz<\/a>;<\/td>\n<\/tr>\n<tr class=\"row-18\">\n\t<td class=\"column-1\"><\/td><td class=\"column-2\"> \t<a href=\"https:\/\/www.amtusedom.de\/ortsrecht\/or_ueckeritz\/ueckeritz-hafenbenutzungsordnung-aend1.pdf\" target=\"_blank\" rel=\"noopener noreferrer\">1. \u00c4nderung der Hafenbenutzungsordnung f\u00fcr den Sportboothafen in der Gemeinde \u00dcckeritz<\/a>;<\/td>\n<\/tr>\n<tr class=\"row-19\">\n\t<td class=\"column-1\"><\/td><td class=\"column-2\"> \t<a href=\"https:\/\/www.amtusedom.de\/ortsrecht\/or_ueckeritz\/ueckeritz-hafenbenutzungsordnung.pdf\" target=\"_blank\" rel=\"noopener noreferrer\">Hafenbenutzungsordnung f\u00fcr den Sportboothafen in der Gemeinde \u00dcckeritz<\/a>;<\/td>\n<\/tr>\n<tr class=\"row-20\">\n\t<td class=\"column-1\"><\/td><td class=\"column-2\"> \t<a href=\"https:\/\/www.amtusedom.de\/ortsrecht\/or_ueckeritz\/ueckeritz-hafengebuehrensatzung.pdf\" target=\"_blank\" rel=\"noopener noreferrer\">Satzung \u00fcber die Erhebung von Hafengeb\u00fchren f\u00fcr den Hafen Stagnie\u00df der Gemeinde Seebad \u00dcckeritz (Hafengeb\u00fchrensatzung Stagnie\u00df)<\/a>;<\/td>\n<\/tr>\n<tr class=\"row-21\">\n\t<td class=\"column-1\"><\/td><td class=\"column-2\"><\/td>\n<\/tr>\n<tr class=\"row-22\">\n\t<td class=\"column-1\">Haus des Gastes <\/td><td class=\"column-2\"><strong>Haus des Gastes im Ostseebad \u00dcckeritz<\/strong><\/td>\n<\/tr>\n<tr class=\"row-23\">\n\t<td class=\"column-1\"><\/td><td class=\"column-2\"> \t<a href=\"https:\/\/www.amtusedom.de\/ortsrecht\/or_ueckeritz\/ueckeritz-nutzungsordnung-hdg.pdf\" target=\"_blank\" rel=\"noopener noreferrer\">Miet- und Nutzungsordnung f\u00fcr das \u201eHaus des Gastes\u201c<\/a>;<\/td>\n<\/tr>\n<tr class=\"row-24\">\n\t<td class=\"column-1\"><\/td><td class=\"column-2\"> \t<a href=\"https:\/\/www.amtusedom.de\/ortsrecht\/or_ueckeritz\/ueckeritz-nutzungsordnung-hdg-anl1.pdf\" target=\"_blank\" rel=\"noopener noreferrer\">Miet- und Nutzungsordnung f\u00fcr das \u201eHaus des Gastes\u201c Anlage 1<\/a>;<\/td>\n<\/tr>\n<tr class=\"row-25\">\n\t<td class=\"column-1\"><\/td><td class=\"column-2\"> \t<a href=\"https:\/\/www.amtusedom.de\/ortsrecht\/or_ueckeritz\/ueckeritz-nutzungsordnung-hdg-anl2.pdf\" target=\"_blank\" rel=\"noopener noreferrer\">Miet- und Nutzungsordnung f\u00fcr das \u201eHaus des Gastes\u201c Anlage 2<\/a>;<\/td>\n<\/tr>\n<tr class=\"row-26\">\n\t<td class=\"column-1\"><\/td><td class=\"column-2\"><\/td>\n<\/tr>\n<tr class=\"row-27\">\n\t<td class=\"column-1\">Campingplatz \"am Strand\" <\/td><td class=\"column-2\"><strong>Naturcampingplatz \u201eAm Strand\" des Ostseebades \u00dcckeritz<\/strong><\/td>\n<\/tr>\n<tr class=\"row-28\">\n\t<td class=\"column-1\"><\/td><td class=\"column-2\"> \t<a href=\"https:\/\/www.amtusedom.de\/ortsrecht\/or_ueckeritz\/ueckeritz-naturcampingplatz.pdf\" target=\"_blank\" rel=\"noopener noreferrer\">Miet- und Benutzungsordnung zur Erhebung von Entgelten auf dem Naturcampingplatz \u201eAm Strand\u201c des Seebades \u00dcckeritz<\/a>;<\/td>\n<\/tr>\n<tr class=\"row-29\">\n\t<td class=\"column-1\"><\/td><td class=\"column-2\"> \t<a href=\"https:\/\/www.amtusedom.de\/ortsrecht\/or_ueckeritz\/ueckeritz-campingentgelte2018.pdf\" target=\"_blank\" rel=\"noopener noreferrer\">Anlage 1 zur Miet- und Benutzungsordnung des Naturcampingplatzes \u201eAm Strand\u201c des Seebades \u00dcckeritz - Campingentgelte 2018<\/a>;<\/td>\n<\/tr>\n<tr class=\"row-30\">\n\t<td class=\"column-1\"><\/td><td class=\"column-2\"> \t<a href=\"https:\/\/www.amtusedom.de\/ortsrecht\/or_ueckeritz\/ueckeritz-campingplatz-agb.pdf\" target=\"_blank\" rel=\"noopener noreferrer\">Allgemeine Gesch\u00e4ftsbedingungen f\u00fcr die Buchung von Stellpl\u00e4tzen auf den Naturcampingpiatz \u201eAm Strand\" \u00dcckeritz - g\u00fcltig f\u00fcr Buchungen f\u00fcr die Zeit ab 01.01.2016<\/a>;<\/td>\n<\/tr>\n<tr class=\"row-31\">\n\t<td class=\"column-1\"><\/td><td class=\"column-2\"> \t<a href=\"https:\/\/www.amtusedom.de\/ortsrecht\/or_ueckeritz\/ueckeritz-campingplatzordnung.pdf\" target=\"_blank\" rel=\"noopener noreferrer\">Campingplatzordnung f\u00fcr den Naturcampingplatz \u201eAm Strand\" \u00dcckeritz \u2014 g\u00fcltig ab 01.01.2016<\/a>;<\/td>\n<\/tr>\n<tr class=\"row-32\">\n\t<td class=\"column-1\">Entgeltordnung Aufstellung Strandk\u00f6rbe <\/td><td class=\"column-2\"><a href=\"https:\/\/www.amtusedom.de\/wp-content\/uploads\/2024\/10\/Ueckeritz-1.-Aenderung-Entgeltordnung-Aufstellung-Strandkoerbe-VOe.pdf\" rel=\"noopener\" target=\"_blank\">Entgeltordnung 1. \u00c4nderung zur Aufstellung von Strandk\u00f6rben im Strandbereich der Gemeinde \u00dcckeritz <\/a><\/td>\n<\/tr>\n<\/tbody>\n<\/table>\n<!-- #tablepress-110 from cache -->","protected":false},"excerpt":{"rendered":"","protected":false},"author":2,"featured_media":0,"parent":750,"menu_order":5,"comment_status":"closed","ping_status":"closed","template":"","meta":{"footnotes":""},"class_list":["post-780","page","type-page","status-publish","hentry"],"_links":{"self":[{"href":"https:\/\/www.amtusedom.de\/index.php?rest_route=\/wp\/v2\/pages\/780","targetHints":{"allow":["GET"]}}],"collection":[{"href":"https:\/\/www.amtusedom.de\/index.php?rest_route=\/wp\/v2\/pages"}],"about":[{"href":"https:\/\/www.amtusedom.de\/index.php?rest_route=\/wp\/v2\/types\/page"}],"author":[{"embeddable":true,"href":"https:\/\/www.amtusedom.de\/index.php?rest_route=\/wp\/v2\/users\/2"}],"replies":[{"embeddable":true,"href":"https:\/\/www.amtusedom.de\/index.php?rest_route=%2Fwp%2Fv2%2Fcomments&post=780"}],"version-history":[{"count":48,"href":"https:\/\/www.amtusedom.de\/index.php?rest_route=\/wp\/v2\/pages\/780\/revisions"}],"predecessor-version":[{"id":8155,"href":"https:\/\/www.amtusedom.de\/index.php?rest_route=\/wp\/v2\/pages\/780\/revisions\/8155"}],"up":[{"embeddable":true,"href":"https:\/\/www.amtusedom.de\/index.php?rest_route=\/wp\/v2\/pages\/750"}],"wp:attachment":[{"href":"https:\/\/www.amtusedom.de\/index.php?rest_route=%2Fwp%2Fv2%2Fmedia&parent=780"}],"curies":[{"name":"wp","href":"https:\/\/api.w.org\/{rel}","templated":true}]}}